{"id":19,"date":"2021-05-03T12:31:31","date_gmt":"2021-05-03T12:31:31","guid":{"rendered":"https:\/\/lescomtessescheries.be\/?page_id=19"},"modified":"2023-01-09T08:58:33","modified_gmt":"2023-01-09T08:58:33","slug":"les-produits","status":"publish","type":"page","link":"https:\/\/lescomtessescheries.be\/?page_id=19","title":{"rendered":"LES PRODUITS"},"content":{"rendered":"\n<p class=\"has-text-align-center\"><em>Les produits pr\u00e9sents sur cette page peuvent \u00eatre achet\u00e9s dans votre institut lors de votre rendez-vous ou en passant commande par sms, appel ou mail. Vous pourrez le retirer dans la bo\u00eete pr\u00e9sente devant l&rsquo;institut.<\/em><\/p>\n\n\n\n<div style=\"height:50px\" aria-hidden=\"true\" class=\"wp-block-spacer\"><\/div>\n\n\n\n<h3 class=\"has-text-align-center wp-block-heading\"> Nettoyants et lotions<\/h3>\n\n\n\n<div style=\"height:30px\" aria-hidden=\"true\" class=\"wp-block-spacer\"><\/div>\n\n\n\n<div class=\"wp-block-columns is-layout-flex wp-container-core-columns-is-layout-9d6595d7 wp-block-columns-is-layout-flex\">\n<div class=\"wp-block-column is-layout-flow wp-block-column-is-layout-flow\"><div class=\"wp-block-image\">\n<figure class=\"aligncenter size-large is-resized\"><img loading=\"lazy\" decoding=\"async\" src=\"https:\/\/lescomtessescheries.be\/wp-content\/uploads\/2021\/05\/produit-1.jpg\" alt=\"\" class=\"wp-image-323\" width=\"200\" height=\"200\" srcset=\"https:\/\/lescomtessescheries.be\/wp-content\/uploads\/2021\/05\/produit-1.jpg 286w, https:\/\/lescomtessescheries.be\/wp-content\/uploads\/2021\/05\/produit-1-150x150.jpg 150w\" sizes=\"auto, (max-width: 200px) 100vw, 200px\" \/><\/figure>\n<\/div>\n\n<div id=\"faq-520\" class=\"arconix-faq-wrap\"><div id=\"faq-LAITDMAQUILLANTHYPO-SENSIBLEXXL\" class=\"arconix-faq-title faq-closed\">LAIT D\u00c9MAQUILLANT HYPO-SENSIBLE XXL<\/div><div class=\"arconix-faq-content faq-closed\"><p style=\"text-align: center;\"><em>Flacon pompe 400 ml<\/em><\/p>\r\n<p style=\"text-align: center;\">22\u20ac<\/p>\r\n<p style=\"text-align: center;\">Toutes Peaux\r\n\u00c9limine impuret\u00e9s et maquillage.<\/p>\r\n\r\n<h6 style=\"text-align: center;\">R\u00c9SULTAT BEAUT\u00c9<\/h6>\r\n<p style=\"text-align: center;\">Laisse la peau souple et douce.<\/p>\r\n\r\n<h6 style=\"text-align: center;\">CONSEILS D&rsquo;UTILISATION<\/h6>\r\n<p style=\"text-align: center;\">Appliquer directement ou \u00e0 l&rsquo;aide d&rsquo;un coton sur le visage et le cou. Rincer avec le tonique<\/p><\/div><\/div>\n<\/div>\n\n\n\n<div class=\"wp-block-column is-layout-flow wp-block-column-is-layout-flow\"><div class=\"wp-block-image\">\n<figure class=\"aligncenter size-large is-resized\"><img loading=\"lazy\" decoding=\"async\" src=\"https:\/\/lescomtessescheries.be\/wp-content\/uploads\/2021\/05\/produit-2.jpg\" alt=\"\" class=\"wp-image-324\" width=\"200\" height=\"200\" srcset=\"https:\/\/lescomtessescheries.be\/wp-content\/uploads\/2021\/05\/produit-2.jpg 410w, https:\/\/lescomtessescheries.be\/wp-content\/uploads\/2021\/05\/produit-2-300x300.jpg 300w, https:\/\/lescomtessescheries.be\/wp-content\/uploads\/2021\/05\/produit-2-150x150.jpg 150w\" sizes=\"auto, (max-width: 200px) 100vw, 200px\" \/><\/figure>\n<\/div>\n\n<div id=\"faq-524\" class=\"arconix-faq-wrap\"><div id=\"faq-TONIQUEHYPO-SENSIBLEXXL\" class=\"arconix-faq-title faq-closed\">TONIQUE HYPO-SENSIBLE XXL<\/div><div class=\"arconix-faq-content faq-closed\"><p style=\"text-align: center;\">Flacon pompe 400 ml<\/p>\n<p style=\"text-align: center;\">22\u20ac<\/p>\n<p style=\"text-align: center;\">Toutes Peaux<br \/>\nSans alcool. Parfait le d\u00e9maquillage.<\/p>\n<h6 style=\"text-align: center;\">R\u00c9SULTAT BEAUT\u00c9<\/h6>\n<p style=\"text-align: center;\">La peau est souple et douce.<\/p>\n<h6 style=\"text-align: center;\"><strong>CONSEILS D&rsquo;UTILISATION<\/strong><\/h6>\n<p style=\"text-align: center;\">Imbiber un coton et appliquer sur le visage.<\/p>\n<\/div><\/div>\n<\/div>\n<\/div>\n\n\n\n<div style=\"height:50px\" aria-hidden=\"true\" class=\"wp-block-spacer\"><\/div>\n\n\n\n<div class=\"wp-block-columns is-layout-flex wp-container-core-columns-is-layout-9d6595d7 wp-block-columns-is-layout-flex\">\n<div class=\"wp-block-column is-layout-flow wp-block-column-is-layout-flow\">\n<h4 class=\"has-text-align-center wp-block-heading\"> <\/h4>\n\n\n<div class=\"wp-block-image\">\n<figure class=\"aligncenter size-large is-resized\"><img loading=\"lazy\" decoding=\"async\" src=\"https:\/\/lescomtessescheries.be\/wp-content\/uploads\/2021\/05\/produit-3.jpg\" alt=\"\" class=\"wp-image-325\" width=\"120\" height=\"120\" srcset=\"https:\/\/lescomtessescheries.be\/wp-content\/uploads\/2021\/05\/produit-3.jpg 394w, https:\/\/lescomtessescheries.be\/wp-content\/uploads\/2021\/05\/produit-3-300x300.jpg 300w, https:\/\/lescomtessescheries.be\/wp-content\/uploads\/2021\/05\/produit-3-150x150.jpg 150w\" sizes=\"auto, (max-width: 120px) 100vw, 120px\" \/><\/figure>\n<\/div>\n\n<div id=\"faq-529\" class=\"arconix-faq-wrap\"><div id=\"faq-LOTIONNORMALISANTE\" class=\"arconix-faq-title faq-closed\">LOTION NORMALISANTE<\/div><div class=\"arconix-faq-content faq-closed\"><p style=\"text-align: center;\">Flacon pompe 200 ml<\/p>\n<p style=\"text-align: center;\">\u20ac<\/p>\n<p style=\"text-align: center;\">Peaux Grasses<br \/>\nSans alcool. Assainit le visage.<\/p>\n<h6 style=\"text-align: center;\">R\u00c9SULTAT BEAUT\u00c9<\/h6>\n<p style=\"text-align: center;\">Les pores sont resserr\u00e9s. La peau est nette.<\/p>\n<h6 style=\"text-align: center;\">\u00a0CONSEILS D&rsquo;UTILISATION<\/h6>\n<p style=\"text-align: center;\">Imbiber un coton et appliquer sur le visage.<\/p>\n<\/div><\/div>\n<\/div>\n\n\n\n<div class=\"wp-block-column is-layout-flow wp-block-column-is-layout-flow\"><div class=\"wp-block-image\">\n<figure class=\"aligncenter size-large is-resized\"><img loading=\"lazy\" decoding=\"async\" src=\"https:\/\/lescomtessescheries.be\/wp-content\/uploads\/2021\/05\/produit-4.jpg\" alt=\"\" class=\"wp-image-326\" width=\"150\" height=\"200\"\/><\/figure>\n<\/div>\n\n<div id=\"faq-531\" class=\"arconix-faq-wrap\"><div id=\"faq-DMAQUILLANTYEUX\" class=\"arconix-faq-title faq-closed\">D\u00c9MAQUILLANT YEUX<\/div><div class=\"arconix-faq-content faq-closed\"><p style=\"text-align: center;\">Flacon pompe 200 ml<\/p>\n<p style=\"text-align: center;\">22\u20ac<\/p>\n<p style=\"text-align: center;\">Toutes Peaux<br \/>\nCe gel aqueux \u00e0 l\u2019Eau de Bleuet et \u00e0 l\u2019Extrait de Gentiane Jaune facilite l\u2019\u00e9limination du maquillage, m\u00eame waterproof, sans laisser de film gras.<\/p>\n<h6 style=\"text-align: center;\">\u00a0R\u00c9SULTAT BEAUT\u00c9<\/h6>\n<p style=\"text-align: center;\">Les cils sont nets, le contour de l\u2019\u0153il est adouci.<\/p>\n<h6 style=\"text-align: center;\">CONSEILS D&rsquo;UTILISATION<\/h6>\n<p style=\"text-align: center;\">Imbiber un coton et passer d\u00e9licatement sur les yeux.<br \/>\nRetirer le clip d\u2019inviolabilit\u00e9, appuyer sur le poussoir et tourner \u00e0 gauche ou \u00e0 droite pour d\u00e9verrouiller la pompe.<\/p>\n<\/div><\/div>\n<\/div>\n<\/div>\n\n\n\n<div class=\"wp-block-columns is-layout-flex wp-container-core-columns-is-layout-9d6595d7 wp-block-columns-is-layout-flex\">\n<div class=\"wp-block-column is-layout-flow wp-block-column-is-layout-flow\"><\/div>\n\n\n\n<div class=\"wp-block-column is-layout-flow wp-block-column-is-layout-flow\"><\/div>\n<\/div>\n\n\n\n<div style=\"height:50px\" aria-hidden=\"true\" class=\"wp-block-spacer\"><\/div>\n\n\n\n<div class=\"wp-block-columns is-layout-flex wp-container-core-columns-is-layout-9d6595d7 wp-block-columns-is-layout-flex\">\n<div class=\"wp-block-column is-layout-flow wp-block-column-is-layout-flow\"><div class=\"wp-block-image\">\n<figure class=\"aligncenter size-large is-resized\"><img loading=\"lazy\" decoding=\"async\" src=\"https:\/\/lescomtessescheries.be\/wp-content\/uploads\/2021\/05\/produit-5-622x1024.jpg\" alt=\"\" class=\"wp-image-327\" width=\"150\" height=\"200\"\/><\/figure>\n<\/div>\n\n<div id=\"faq-534\" class=\"arconix-faq-wrap\"><div id=\"faq-LOTIONTONIFIANTE2080\" class=\"arconix-faq-title faq-closed\">LOTION TONIFIANTE 20,80\u20ac<\/div><div class=\"arconix-faq-content faq-closed\"><p style=\"text-align: center;\">Flacon pompe 200 ml<\/p>\n<p style=\"text-align: center;\">20,80\u20ac<\/p>\n<p style=\"text-align: center;\">Toutes Peaux<br \/>\nCette lotion \u00e0 l\u2019Huile Essentielle d\u2019\u00c9pic\u00e9a et \u00e0 l\u2019Extrait de Carotte parfait le d\u00e9maquillage, \u00f4te les r\u00e9sidus de lait et \u00e9limine les impuret\u00e9s. Sans alcool.<\/p>\n<h6 style=\"text-align: center;\">R\u00c9SULTAT BEAUT\u00c9<\/h6>\n<p style=\"text-align: center;\">Elle rafra\u00eechit, tonifie et apaise la peau.<\/p>\n<h6 style=\"text-align: center;\">CONSEILS D&rsquo;UTILISATION<\/h6>\n<p style=\"text-align: center;\">Imbiber un coton puis appliquer sur le visage et le cou.<br \/>\nRetirer le clip d\u2019inviolabilit\u00e9, appuyer sur le poussoir et tourner \u00e0 gauche ou \u00e0 droite pour d\u00e9verrouiller la pompe.<\/p>\n<\/div><\/div>\n<\/div>\n\n\n\n<div class=\"wp-block-column is-layout-flow wp-block-column-is-layout-flow\"><div class=\"wp-block-image\">\n<figure class=\"aligncenter size-large is-resized\"><img loading=\"lazy\" decoding=\"async\" src=\"https:\/\/lescomtessescheries.be\/wp-content\/uploads\/2021\/05\/produit-6.jpg\" alt=\"\" class=\"wp-image-328\" width=\"95\" height=\"127\"\/><\/figure>\n<\/div>\n\n\n<div style=\"height:1px\" aria-hidden=\"true\" class=\"wp-block-spacer\"><\/div>\n\n\n<div id=\"faq-536\" class=\"arconix-faq-wrap\"><div id=\"faq-GELNETTOYANT\" class=\"arconix-faq-title faq-closed\">GEL NETTOYANT<\/div><div class=\"arconix-faq-content faq-closed\"><p style=\"text-align: center;\">Flacon pompe 200 ml<\/p>\n<p style=\"text-align: center;\">20,80\u20ac<\/p>\n<p style=\"text-align: center;\">Peaux Mixtes \u00c0 Grasses<br \/>\nCe soin frais et matifiant \u00e0 l\u2019Huile Essentielle de Lavande et \u00e0 l\u2019Extrait de Citron se transforme au contact de l\u2019eau en une mousse l\u00e9g\u00e8re. Il nettoie en douceur et purifie l\u2019\u00e9piderme.<\/p>\n<h6 style=\"text-align: center;\">R\u00c9SULTAT BEAUT\u00c9<\/h6>\n<p style=\"text-align: center;\">La peau est fra\u00eeche et vivifi\u00e9e, les pores sont affin\u00e9s.<\/p>\n<h6 style=\"text-align: center;\">CONSEILS D&rsquo;UTILISATION<\/h6>\n<p style=\"text-align: center;\">D\u00e9poser une noisette de gel dans les mains. Faire mousser avec de l\u2019eau et proc\u00e9der au nettoyage du visage et du cou en \u00e9vitant le contour des yeux. Rincer \u00e0 l\u2019eau, s\u00e9cher d\u00e9licatement, puis tonifier.<br \/>\nRetirer le clip d\u2019inviolabilit\u00e9, appuyer sur le poussoir et tourner \u00e0 gauche ou \u00e0 droite pour d\u00e9verrouiller la pompe.<\/p>\n<\/div><\/div>\n<\/div>\n<\/div>\n\n\n\n<div style=\"height:40px\" aria-hidden=\"true\" class=\"wp-block-spacer\"><\/div>\n\n\n\n<div style=\"height:100px\" aria-hidden=\"true\" class=\"wp-block-spacer\"><\/div>\n\n\n\n<h3 class=\"has-text-align-center wp-block-heading\">Exfoliants<\/h3>\n\n\n\n<div style=\"height:100px\" aria-hidden=\"true\" class=\"wp-block-spacer\"><\/div>\n\n\n\n<div style=\"height:50px\" aria-hidden=\"true\" class=\"wp-block-spacer\"><\/div>\n\n\n\n<div class=\"wp-block-columns is-layout-flex wp-container-core-columns-is-layout-9d6595d7 wp-block-columns-is-layout-flex\">\n<div class=\"wp-block-column is-vertically-aligned-top is-layout-flow wp-block-column-is-layout-flow\"><div class=\"wp-block-image\">\n<figure class=\"aligncenter size-large is-resized\"><img loading=\"lazy\" decoding=\"async\" src=\"https:\/\/lescomtessescheries.be\/wp-content\/uploads\/2021\/05\/exfoliant.jpg\" alt=\"\" class=\"wp-image-329\" width=\"150\" height=\"150\" srcset=\"https:\/\/lescomtessescheries.be\/wp-content\/uploads\/2021\/05\/exfoliant.jpg 521w, https:\/\/lescomtessescheries.be\/wp-content\/uploads\/2021\/05\/exfoliant-300x300.jpg 300w, https:\/\/lescomtessescheries.be\/wp-content\/uploads\/2021\/05\/exfoliant-150x150.jpg 150w\" sizes=\"auto, (max-width: 150px) 100vw, 150px\" \/><\/figure>\n<\/div>\n\n<div id=\"faq-538\" class=\"arconix-faq-wrap\"><div id=\"faq-PTECHAUFFANTEEXFOLIANTE\" class=\"arconix-faq-title faq-closed\">P\u00c2TE CHAUFFANTE EXFOLIANTE<\/div><div class=\"arconix-faq-content faq-closed\"><p style=\"text-align: center;\">Tube 50 ml<\/p>\n<p style=\"text-align: center;\">26\u20ac<\/p>\n<p style=\"text-align: center;\">Toutes peaux<br \/>\nCe gommage dot\u00e9 d\u2019une texture \u00e0 transformation chauffe au contact de la peau. Il permet ainsi d\u2019ouvrir les pores, de les d\u00e9sincruster et d\u2019\u00e9liminer efficacement les impuret\u00e9s. Son complexe exfoliant enzymatique \u00e9limine en douceur les cellules mortes. Exit pollution, s\u00e9bum et autres probl\u00e8mes qui emp\u00eachent l\u2019\u00e9piderme de respirer.<\/p>\n<h6 style=\"text-align: center;\">R\u00c9SULTAT BEAUT\u00c9<\/h6>\n<p style=\"text-align: center;\">La peau est nette et fra\u00eeche. L\u2019apparence des pores est att\u00e9nu\u00e9e.<\/p>\n<h6 style=\"text-align: center;\">CONSEILS D&rsquo;UTILISATION<\/h6>\n<p style=\"text-align: center;\">1 \u00e0 2 fois par semaine, appliquer en couche fine sur l&rsquo;ensemble du visage et du cou nettoy\u00e9s. Gommer par mouvements circulaires avec la pulpe des doigts en prenant soin de bien maintenir la peau. Rincer et s\u00e9cher l&rsquo;\u00e9piderme.<br \/>\nId\u00e9ale avant l\u2019application d\u2019un masque pour en favoriser la p\u00e9n\u00e9tration.<\/p>\n<\/div><\/div>\n<\/div>\n\n\n\n<div class=\"wp-block-column is-vertically-aligned-top is-layout-flow wp-block-column-is-layout-flow\"><div class=\"wp-block-image\">\n<figure class=\"aligncenter size-large is-resized\"><img loading=\"lazy\" decoding=\"async\" src=\"https:\/\/lescomtessescheries.be\/wp-content\/uploads\/2021\/05\/im8.jpg\" alt=\"\" class=\"wp-image-558\" width=\"150\" height=\"150\" srcset=\"https:\/\/lescomtessescheries.be\/wp-content\/uploads\/2021\/05\/im8.jpg 420w, https:\/\/lescomtessescheries.be\/wp-content\/uploads\/2021\/05\/im8-300x300.jpg 300w, https:\/\/lescomtessescheries.be\/wp-content\/uploads\/2021\/05\/im8-150x150.jpg 150w\" sizes=\"auto, (max-width: 150px) 100vw, 150px\" \/><\/figure>\n<\/div>\n\n<div id=\"faq-540\" class=\"arconix-faq-wrap\"><div id=\"faq-CRMEEXFOLIANTE\" class=\"arconix-faq-title faq-closed\">CR\u00c8ME EXFOLIANTE<\/div><div class=\"arconix-faq-content faq-closed\"><p style=\"text-align: center;\">Tube 50 ml<\/p>\n<p style=\"text-align: center;\">24,80\u20ac<\/p>\n<p style=\"text-align: center;\">Toutes peaux<br \/>\nCette cr\u00e8me douceur \u00e0 l\u2019Huile Essentielle de Sarriette des jardins et \u00e0 la Poudre de Coque d\u2019Amande exfolie les cellules mortes, d\u00e9sincruste les impuret\u00e9s et \u00e9claircit les teints brouill\u00e9s.<\/p>\n<h6 style=\"text-align: center;\">R\u00c9SULTAT BEAUT\u00c9<\/h6>\n<p style=\"text-align: center;\">La peau retrouve un grain r\u00e9gulier. Le teint est \u00e9clatant.<\/p>\n<h6 style=\"text-align: center;\">CONSEILS D&rsquo;UTILISATION<\/h6>\n<p style=\"text-align: center;\">1 \u00e0 2 fois par semaine, appliquer en couche fine sur le visage et le cou nettoy\u00e9s en \u00e9vitant le contour des yeux. Humidifier pr\u00e9alablement les doigts puis effectuer des mouvements circulaires. Rincer. Parfaire avec la Lotion Tonifiante.<\/p>\n<\/div><\/div>\n<\/div>\n<\/div>\n\n\n\n<div style=\"height:50px\" aria-hidden=\"true\" class=\"wp-block-spacer\"><\/div>\n\n\n\n<div class=\"wp-block-columns is-layout-flex wp-container-core-columns-is-layout-9d6595d7 wp-block-columns-is-layout-flex\">\n<div class=\"wp-block-column is-layout-flow wp-block-column-is-layout-flow\"><div class=\"wp-block-image\">\n<figure class=\"aligncenter size-large is-resized\"><img loading=\"lazy\" decoding=\"async\" src=\"https:\/\/lescomtessescheries.be\/wp-content\/uploads\/2021\/05\/im9.jpg\" alt=\"\" class=\"wp-image-559\" width=\"100\" height=\"200\"\/><\/figure>\n<\/div>\n\n<div id=\"faq-542\" class=\"arconix-faq-wrap\"><div id=\"faq-PHYTO-GOMMAGEMARIN\" class=\"arconix-faq-title faq-closed\">PHYTO-GOMMAGE MARIN<\/div><div class=\"arconix-faq-content faq-closed\"><p style=\"text-align: center;\">Tube 50 ml<\/p>\n<p style=\"text-align: center;\">28\u20ac<\/p>\n<p style=\"text-align: center;\">Toutes Peaux<br \/>\n\u00c9limine les cellules mortes. Affine le grain de la peau.<\/p>\n<h6 style=\"text-align: center;\">R\u00c9SULTAT BEAUT\u00c9<\/h6>\n<p style=\"text-align: center;\">La peau est douce et lumineuse.<\/p>\n<h6 style=\"text-align: center;\">CONSEILS D&rsquo;UTILISATION<\/h6>\n<p style=\"text-align: center;\">1 \u00e0 2 fois par semaine, appliquer en couche tr\u00e8s fine sur le visage (en \u00e9vitant le contour des yeux) et le cou assainis, laisser s\u00e9cher 2 minutes, gommer en mouvements circulaires puis rincer. Parfaire avec la lotion.<\/p>\n<\/div><\/div>\n<\/div>\n\n\n\n<div class=\"wp-block-column is-layout-flow wp-block-column-is-layout-flow\"><div class=\"wp-block-image\">\n<figure class=\"aligncenter size-large is-resized\"><img loading=\"lazy\" decoding=\"async\" src=\"https:\/\/lescomtessescheries.be\/wp-content\/uploads\/2021\/05\/im10.jpg\" alt=\"\" class=\"wp-image-560\" width=\"200\" height=\"200\" srcset=\"https:\/\/lescomtessescheries.be\/wp-content\/uploads\/2021\/05\/im10.jpg 212w, https:\/\/lescomtessescheries.be\/wp-content\/uploads\/2021\/05\/im10-150x150.jpg 150w\" sizes=\"auto, (max-width: 200px) 100vw, 200px\" \/><\/figure>\n<\/div>\n\n<div id=\"faq-544\" class=\"arconix-faq-wrap\"><div id=\"faq-SOINEXFOLIANTVISAGEAUMIELPETITGRAINDEFOLIE\" class=\"arconix-faq-title faq-closed\">SOIN EXFOLIANT VISAGE AU MIEL \u2013 PETIT GRAIN DE FOLIE<\/div><div class=\"arconix-faq-content faq-closed\"><p style=\"text-align: center;\">Tube 100ml<\/p>\n<p style=\"text-align: center;\">\u20ac<\/p>\n<p style=\"text-align: center;\">\u00c9limine les cellules mortes. Affine le grain de la peau.<\/p>\n<h3 style=\"text-align: center;\">R\u00c9SULTAT BEAUT\u00c9<\/h3>\n<p style=\"text-align: center;\">La peau est douce et lumineuse.<\/p>\n<h3 style=\"text-align: center;\">Conseils d\u2019utilisation<\/h3>\n<p style=\"text-align: center;\">Sur peau s\u00e8che, appliquer une noix de produit sur l\u2019ensemble du visage en massant du bout des doigts de fa\u00e7on circulaire. Insister sur la zone T (front, nez, menton). Rincer \u00e0 l\u2019eau ti\u00e8de. \u00c9viter le contour des yeux.<\/p>\n<p style=\"text-align: center;\"><em>En achetant ce produit,<\/em><em><br \/>\nje parraine\u00a05 abeilles\u00a0et je s\u00e8me\u00a01m<\/em><em><sup>2<\/sup><\/em><em>\u00a0<\/em><em>de biodiversit\u00e9<\/em><em>\u00a0<\/em><em>!<\/em><\/p>\n<p style=\"text-align: center;\">\n<p style=\"text-align: center;\">COSMOS ORGANIC certifi\u00e9 par Ecocert Greenlife selon le r\u00e9f\u00e9rentiel COSMOS.<\/p>\n<p style=\"text-align: center;\">99%\u00a0du total est d&rsquo;origine naturelle.<\/p>\n<p style=\"text-align: center;\">15%\u00a0du total des ingr\u00e9dients sont issus de l\u2019agriculture biologique.<\/p>\n<p style=\"text-align: center;\">47%\u00a0du total des ingr\u00e9dients moins l\u2019eau et les min\u00e9raux sont issus de l\u2019agriculture biologique.<\/p>\n<\/div><\/div>\n<\/div>\n<\/div>\n\n\n\n<div style=\"height:50px\" aria-hidden=\"true\" class=\"wp-block-spacer\"><\/div>\n\n\n\n<div class=\"wp-block-columns is-layout-flex wp-container-core-columns-is-layout-9d6595d7 wp-block-columns-is-layout-flex\">\n<div class=\"wp-block-column is-layout-flow wp-block-column-is-layout-flow\"><div class=\"wp-block-image\">\n<figure class=\"aligncenter size-large is-resized\"><img loading=\"lazy\" decoding=\"async\" src=\"https:\/\/lescomtessescheries.be\/wp-content\/uploads\/2021\/05\/im11.jpg\" alt=\"\" class=\"wp-image-561\" width=\"200\" height=\"200\" srcset=\"https:\/\/lescomtessescheries.be\/wp-content\/uploads\/2021\/05\/im11.jpg 254w, https:\/\/lescomtessescheries.be\/wp-content\/uploads\/2021\/05\/im11-150x150.jpg 150w\" sizes=\"auto, (max-width: 200px) 100vw, 200px\" \/><\/figure>\n<\/div>\n\n<div id=\"faq-546\" class=\"arconix-faq-wrap\"><div id=\"faq-DISQUESEXFOLIANTSDOUBLEFACE\" class=\"arconix-faq-title faq-closed\">DISQUES EXFOLIANTS DOUBLE FACE<\/div><div class=\"arconix-faq-content faq-closed\"><p style=\"text-align: center;\">\u20ac<\/p>\n<p style=\"text-align: center;\">30 disques pr\u00e9-impr\u00e9gn\u00e9s biog\u00e9gradables inspir\u00e9s du peeling dermatologique en m\u00e9decine esth\u00e9tique (pr\u00e9paration \u00e0 base d\u2019acides). Id\u00e9al pour les peaux en manque d\u2019\u00e9clat, pr\u00e9sentant des taches pigmentaires et\/ou un grain de peau irr\u00e9gulier.<\/p>\n<h6 style=\"text-align: center;\">R\u00c9SULTAT BEAUT\u00c9<\/h6>\n<p style=\"text-align: center;\">La peau est douce et lumineuse.\u00a0L&rsquo;apparence des rides est r\u00e9duite et le teint est \u00e9clatant et uniforme.<\/p>\n<h6 style=\"text-align: center;\">Conseils d\u2019utilisation<\/h6>\n<p style=\"text-align: center;\">Le soir, apr\u00e8s le d\u00e9maquillage, passer un disque double face sur le visage, le cou et le d\u00e9collet\u00e9 2 \u00e0 3 fois par semaine en \u00e9vitant les yeux et les l\u00e8vres. Utiliser au choix la face lisse pour une exfoliation en douceur ou la face abrasive pour une exfoliation plus intense. Ne pas rincer.<\/p>\n<p>&nbsp;<\/p>\n<\/div><\/div>\n<\/div>\n\n\n\n<div class=\"wp-block-column is-layout-flow wp-block-column-is-layout-flow\"><\/div>\n<\/div>\n\n\n\n<div style=\"height:50px\" aria-hidden=\"true\" class=\"wp-block-spacer\"><\/div>\n\n\n\n<h3 class=\"has-text-align-center wp-block-heading\">Masques<\/h3>\n\n\n\n<div style=\"height:50px\" aria-hidden=\"true\" class=\"wp-block-spacer\"><\/div>\n\n\n\n<div class=\"wp-block-columns is-layout-flex wp-container-core-columns-is-layout-9d6595d7 wp-block-columns-is-layout-flex\">\n<div class=\"wp-block-column is-layout-flow wp-block-column-is-layout-flow\"><div class=\"wp-block-image\">\n<figure class=\"aligncenter size-large is-resized\"><img loading=\"lazy\" decoding=\"async\" src=\"https:\/\/lescomtessescheries.be\/wp-content\/uploads\/2021\/05\/im13.jpg\" alt=\"\" class=\"wp-image-717\" width=\"100\" height=\"200\"\/><\/figure>\n<\/div>\n\n<div id=\"faq-548\" class=\"arconix-faq-wrap\"><div id=\"faq-MASQUEAUMIEL\" class=\"arconix-faq-title faq-closed\">MASQUE AU MIEL<\/div><div class=\"arconix-faq-content faq-closed\"><p style=\"text-align: center;\">Tube 50 ml<\/p>\n<p style=\"text-align: center;\">28\u20ac<\/p>\n<p style=\"text-align: center;\">Toutes Peaux<br \/>\nCe masque-cr\u00e8me gourmand \u00e0 la texture douce offre \u00e0 toutes les peaux un remarquable bain d\u2019hydratation.<\/p>\n<h6 style=\"text-align: center;\">R\u00c9SULTAT BEAUT\u00c9<\/h6>\n<p style=\"text-align: center;\">La peau retrouve confort et souplesse.<\/p>\n<h6 style=\"text-align: center;\">CONSEILS D&rsquo;UTILISATION<\/h6>\n<p style=\"text-align: center;\">Une \u00e0 deux fois par semaine, appliquer en couche g\u00e9n\u00e9reuse sur le visage et le cou nettoy\u00e9s. Laisser agir 10 \u00e0 15 minutes puis retirer l\u2019exc\u00e9dent avec un coton. Rincer si n\u00e9cessaire.<\/p>\n<\/div><\/div>\n<\/div>\n\n\n\n<div class=\"wp-block-column is-layout-flow wp-block-column-is-layout-flow\"><div class=\"wp-block-image\">\n<figure class=\"aligncenter size-large is-resized\"><img loading=\"lazy\" decoding=\"async\" src=\"https:\/\/lescomtessescheries.be\/wp-content\/uploads\/2021\/05\/im14.jpg\" alt=\"\" class=\"wp-image-718\" width=\"161\" height=\"179\"\/><\/figure>\n<\/div>\n\n<div id=\"faq-550\" class=\"arconix-faq-wrap\"><div id=\"faq-MASQUECLAT\" class=\"arconix-faq-title faq-closed\">MASQUE \u00c9CLAT<\/div><div class=\"arconix-faq-content faq-closed\"><p style=\"text-align: center;\">Tube 50 ml<\/p>\n<p style=\"text-align: center;\">28\u20ac<\/p>\n<p style=\"text-align: center;\">Toutes Peaux<br \/>\nCe masque frais \u00e0 l\u2019huile essentielle de Cypr\u00e8s et \u00e0 l\u2019extrait de Bourgeon de Cassis hydrate imm\u00e9diatement et illumine le teint.<\/p>\n<h6 style=\"text-align: center;\">R\u00c9SULTAT BEAUT\u00c9<\/h6>\n<p style=\"text-align: center;\">La peau est dynamis\u00e9e et retrouve son \u00e9clat.<\/p>\n<h6 style=\"text-align: center;\">CONSEILS D&rsquo;UTILISATION<\/h6>\n<p style=\"text-align: center;\">1 \u00e0 2 fois par semaine, appliquer en couche moyenne sur le visage et le cou nettoy\u00e9s. Laisser agir 10 minutes puis rincer. Parfaire avec la Lotion Tonifiante.<\/p>\n<\/div><\/div>\n<\/div>\n<\/div>\n\n\n\n<div style=\"height:50px\" aria-hidden=\"true\" class=\"wp-block-spacer\"><\/div>\n\n\n\n<div class=\"wp-block-columns is-layout-flex wp-container-core-columns-is-layout-9d6595d7 wp-block-columns-is-layout-flex\">\n<div class=\"wp-block-column is-layout-flow wp-block-column-is-layout-flow\"><div class=\"wp-block-image\">\n<figure class=\"aligncenter size-large is-resized\"><img loading=\"lazy\" decoding=\"async\" src=\"https:\/\/lescomtessescheries.be\/wp-content\/uploads\/2021\/05\/im15.jpg\" alt=\"\" class=\"wp-image-719\" width=\"200\" height=\"200\"\/><\/figure>\n<\/div>\n\n<div id=\"faq-552\" class=\"arconix-faq-wrap\"><div id=\"faq-MASQUEMULTI-VITAMIN\" class=\"arconix-faq-title faq-closed\">MASQUE MULTI-VITAMIN\u00c9<\/div><div class=\"arconix-faq-content faq-closed\"><p style=\"text-align: center;\">\u20ac<\/p>\n<p style=\"text-align: center;\">Masque-cr\u00e8me onctueux et velout\u00e9. Gorg\u00e9 de vitamines, il permet \u00e0 la peau de retrouver son taux d&rsquo;hydratation optimal et de renforcer le syst\u00e8me de d\u00e9fense de la peau. Il lutte contre l&rsquo;apparition des signes du vieillissement.<br \/>\nId\u00e9al pour : Peau en manque d\u2019\u00e9clat et d\u00e9vitalis\u00e9e<\/p>\n<h6 style=\"text-align: center;\">R\u00c9SULTAT BEAUT\u00c9<\/h6>\n<p style=\"text-align: center;\">La peau retrouve toute sa souplesse. Elle est liss\u00e9e et \u00e9clatante de jeunesse.<\/p>\n<p>Efficacit\u00e9 scientifiquement prouv\u00e9e :<br \/>\n\u2022 +26% d\u2019hydratation*<br \/>\n\u2022 Peau liss\u00e9e : 91%**<br \/>\n\u2022 Peau radieuse : 100%**<\/p>\n<p>* Mesure scientifique sur 10 volontaires, 2 heures apr\u00e8s application.<br \/>\n** % de femmes satisfaites apr\u00e8s 2 utilisations par semaine durant 14 jours. Test d\u2019usage sur 11 femmes.<\/p>\n<h6 style=\"text-align: center;\">CONSEILS D&rsquo;UTILISATION<\/h6>\n<p style=\"text-align: center;\">1 \u00e0 2 fois par semaine, appliquer en couche g\u00e9n\u00e9reuse sur le visage et le cou nettoy\u00e9s, en \u00e9vitant le contour des yeux. Laisser poser 15 \u00e0 20 minutes. Retirer l&rsquo;exc\u00e9dent avec un mouchoir en papier et faire p\u00e9n\u00e9trer.<\/p>\n<\/div><\/div>\n\n\n\n<p><\/p>\n<\/div>\n\n\n\n<div class=\"wp-block-column is-layout-flow wp-block-column-is-layout-flow\"><div class=\"wp-block-image\">\n<figure class=\"aligncenter size-large is-resized\"><img loading=\"lazy\" decoding=\"async\" src=\"https:\/\/lescomtessescheries.be\/wp-content\/uploads\/2021\/05\/im16-copie.jpg\" alt=\"\" class=\"wp-image-720\" width=\"200\" height=\"200\" srcset=\"https:\/\/lescomtessescheries.be\/wp-content\/uploads\/2021\/05\/im16-copie.jpg 256w, https:\/\/lescomtessescheries.be\/wp-content\/uploads\/2021\/05\/im16-copie-150x150.jpg 150w\" sizes=\"auto, (max-width: 200px) 100vw, 200px\" \/><\/figure>\n<\/div>\n\n<div id=\"faq-590\" class=\"arconix-faq-wrap\"><div id=\"faq-MASQUEDYNARGILIANE\" class=\"arconix-faq-title faq-closed\">MASQUE DYNARGILIANE<\/div><div class=\"arconix-faq-content faq-closed\"><p style=\"text-align: center;\">Tube 50 ml<\/p>\n<p style=\"text-align: center;\">26 \u20ac<\/p>\n<p style=\"text-align: center;\">Peaux Grasses<br \/>\nPurifie et assainit. Absorbe l&rsquo;exc\u00e8s de s\u00e9bum. D\u00e9sincruste et resserre les pores dilat\u00e9s.<\/p>\n<h6 style=\"text-align: center;\">R\u00c9SULTAT BEAUT\u00c9<\/h6>\n<p style=\"text-align: center;\">La peau est nette et saine.<\/p>\n<h6 style=\"text-align: center;\">CONSEILS D&rsquo;UTILISATION<\/h6>\n<p style=\"text-align: center;\">1 \u00e0 2 fois par semaine, appliquer le contenu d&rsquo;une dose en couche moyenne sur le visage et le cou assainis (\u00e9viter le contour des yeux), laisser agir 10 \u00e0 15 mn puis rincer \u00e0 l&rsquo;eau. Parfaire avec la lotion.<\/p>\n<\/div><\/div>\n<\/div>\n<\/div>\n\n\n\n<div style=\"height:50px\" aria-hidden=\"true\" class=\"wp-block-spacer\"><\/div>\n\n\n\n<div class=\"wp-block-columns is-layout-flex wp-container-core-columns-is-layout-9d6595d7 wp-block-columns-is-layout-flex\">\n<div class=\"wp-block-column is-layout-flow wp-block-column-is-layout-flow\"><div class=\"wp-block-image\">\n<figure class=\"aligncenter size-large is-resized\"><img loading=\"lazy\" decoding=\"async\" src=\"https:\/\/lescomtessescheries.be\/wp-content\/uploads\/2021\/05\/im16.jpg\" alt=\"\" class=\"wp-image-721\" width=\"200\" height=\"200\"\/><\/figure>\n<\/div>\n\n<div id=\"faq-554\" class=\"arconix-faq-wrap\"><div id=\"faq-MASQUEHYDRATANTETSTIMULANT\" class=\"arconix-faq-title faq-closed\">MASQUE HYDRATANT ET STIMULANT<\/div><div class=\"arconix-faq-content faq-closed\"><p style=\"text-align: center;\">Pot 50 ml<\/p>\n<p style=\"text-align: center;\">\u20ac<\/p>\n<p style=\"text-align: center;\">Anti-\u00c2ge Premium<\/p>\n<p style=\"text-align: center;\">Apporte un coup d&rsquo;\u00e9clat gr\u00e2ce \u00e0 un complexe d&rsquo;actifs vitamin\u00e9s.<\/p>\n<h6 style=\"text-align: center;\">R\u00c9SULTAT BEAUT\u00c9<\/h6>\n<p style=\"text-align: center;\">La peau liss\u00e9e retrouve confort et souplesse. Le teint est lumineux.<\/p>\n<h6 style=\"text-align: center;\">CONSEILS D&rsquo;UTILISATION<\/h6>\n<p style=\"text-align: center;\">Appliquer une couche moyenne sur le visage. Laisser agir 10 minutes. Affiner le visage avec un coton et le SOIN TONIQUE. Pour un coup d&rsquo;\u00e9clat appliquer une couche mince et la laisser p\u00e9n\u00e9trer.<\/p>\n<\/div><\/div>\n<\/div>\n\n\n\n<div class=\"wp-block-column is-layout-flow wp-block-column-is-layout-flow\"><div class=\"wp-block-image\">\n<figure class=\"aligncenter size-large is-resized\"><img loading=\"lazy\" decoding=\"async\" src=\"https:\/\/lescomtessescheries.be\/wp-content\/uploads\/2021\/05\/im17.jpg\" alt=\"\" class=\"wp-image-722\" width=\"200\" height=\"200\" srcset=\"https:\/\/lescomtessescheries.be\/wp-content\/uploads\/2021\/05\/im17.jpg 296w, https:\/\/lescomtessescheries.be\/wp-content\/uploads\/2021\/05\/im17-150x150.jpg 150w\" sizes=\"auto, (max-width: 200px) 100vw, 200px\" \/><\/figure>\n<\/div>\n\n<div id=\"faq-592\" class=\"arconix-faq-wrap\"><div id=\"faq-MASQUELrsquoABRICOT\" class=\"arconix-faq-title faq-closed\">MASQUE \u00c0 L&rsquo;ABRICOT<\/div><div class=\"arconix-faq-content faq-closed\"><p style=\"text-align: center;\">50 ml tube<\/p>\n<p style=\"text-align: center;\">26\u20ac<\/p>\n<p style=\"text-align: center;\">Peaux Normales \u00e0 Mixtes<br \/>\nD\u00e9fatigue et revitalise la peau.<\/p>\n<h6 style=\"text-align: center;\">R\u00c9SULTAT BEAUT\u00c9<\/h6>\n<p style=\"text-align: center;\">Bonne mine et \u00e9clat instantan\u00e9.<\/p>\n<h6 style=\"text-align: center;\">CONSEILS D&rsquo;UTILISATION<\/h6>\n<p style=\"text-align: center;\">1 \u00e0 2 fois par semaine ou d\u00e8s que la peau fait grise mine, appliquer le contenu d&rsquo;une dose en couche moyenne sur le visage et le cou assainis (\u00e9viter le contour des yeux), laisser agir 10 \u00e0 15 mn puis rincer \u00e0 l&rsquo;eau. Parfaire avec la lotion.<\/p>\n<p style=\"text-align: center;\">Extrait d\u2019abricot 3,6 %<br \/>\nActif hypo-allerg\u00e9nique 0,1 %<\/p>\n<p style=\"text-align: center;\">INGREDIENTS :<br \/>\nWATER (AQUA) \u2022 BUTYLENE GLYCOL \u2022 PROPYLENE GLYCOL \u2022 ACRYLATES\/STEARETH-20 METHACRYLATE COPOLYMER \u2022 PRUNUS ARMENIACA (APRICOT) FRUIT EXTRACT \u2022 ALTEROMONAS FERMENT EXTRACT \u2022POLYSORBATE 20 \u2022 SODIUM HYDROXIDE \u2022 SODIUM PHYTATE \u2022 FRAGRANCE (PARFUM) \u2022 PHENOXYETHANOL \u2022 CHLORPHENESIN \u2022 RED 4 (CI 14700) \u2022 YELLOW 5 (CI 19140)<\/p>\n<p style=\"text-align: center;\">\n<\/div><\/div>\n<\/div>\n<\/div>\n\n\n\n<div style=\"height:50px\" aria-hidden=\"true\" class=\"wp-block-spacer\"><\/div>\n\n\n\n<div class=\"wp-block-columns is-layout-flex wp-container-core-columns-is-layout-9d6595d7 wp-block-columns-is-layout-flex\">\n<div class=\"wp-block-column is-layout-flow wp-block-column-is-layout-flow\"><div class=\"wp-block-image\">\n<figure class=\"aligncenter size-large\"><img loading=\"lazy\" decoding=\"async\" width=\"188\" height=\"188\" src=\"https:\/\/lescomtessescheries.be\/wp-content\/uploads\/2021\/05\/im18.jpg\" alt=\"\" class=\"wp-image-723\" srcset=\"https:\/\/lescomtessescheries.be\/wp-content\/uploads\/2021\/05\/im18.jpg 188w, https:\/\/lescomtessescheries.be\/wp-content\/uploads\/2021\/05\/im18-150x150.jpg 150w\" sizes=\"auto, (max-width: 188px) 100vw, 188px\" \/><\/figure>\n<\/div>\n\n<div id=\"faq-595\" class=\"arconix-faq-wrap\"><div id=\"faq-MASQUERHYDRATANTDOUCEUR\" class=\"arconix-faq-title faq-closed\">MASQUE R\u00c9HYDRATANT DOUCEUR<\/div><div class=\"arconix-faq-content faq-closed\"><p style=\"text-align: center;\">Tube 50 ml<\/p>\n<p style=\"text-align: center;\">28\u20ac<\/p>\n<p style=\"text-align: center;\">Toutes peaux<\/p>\n<p style=\"text-align: center;\">Plong\u00e9e dans un bain d\u2019hydratation intense, la peau se ressource et retrouve instantan\u00e9ment confort et douceur. Finies les sensations de tiraillements !<br \/>\nUn v\u00e9ritable moment de plaisir et de d\u00e9tente.<\/p>\n<h6 style=\"text-align: center;\">R\u00c9SULTAT BEAUT\u00c9<\/h6>\n<p style=\"text-align: center;\">Les ridules de d\u00e9shydratation disparaissent. La peau regorge de vitalit\u00e9, le teint s\u2019\u00e9claire.<\/p>\n<h6 style=\"text-align: center;\">CONSEILS D&rsquo;UTILISATION<\/h6>\n<p style=\"text-align: center;\">Appliquer en couche \u00e9paisse sur le visage et le cou. Laisser poser 10 \u00e0 15 minutes. Retirer l\u2019exc\u00e9dent et faire p\u00e9n\u00e9trer.<\/p>\n<\/div><\/div>\n<\/div>\n\n\n\n<div class=\"wp-block-column is-layout-flow wp-block-column-is-layout-flow\"><div class=\"wp-block-image\">\n<figure class=\"aligncenter size-large is-resized\"><img loading=\"lazy\" decoding=\"async\" src=\"https:\/\/lescomtessescheries.be\/wp-content\/uploads\/2021\/05\/im20.jpg\" alt=\"\" class=\"wp-image-724\" width=\"200\" height=\"200\" srcset=\"https:\/\/lescomtessescheries.be\/wp-content\/uploads\/2021\/05\/im20.jpg 160w, https:\/\/lescomtessescheries.be\/wp-content\/uploads\/2021\/05\/im20-150x150.jpg 150w\" sizes=\"auto, (max-width: 200px) 100vw, 200px\" \/><\/figure>\n<\/div>\n\n<div id=\"faq-597\" class=\"arconix-faq-wrap\"><div id=\"faq-MASQUEVISAGEHYDRATANTLrsquoEXTRAITDECIREDrsquoABEILLEECLATDEREINE\" class=\"arconix-faq-title faq-closed\">MASQUE VISAGE HYDRATANT \u00c0 L&rsquo;EXTRAIT DE CIRE D&rsquo;ABEILLE \u2013 ECLAT DE REINE<\/div><div class=\"arconix-faq-content faq-closed\"><p style=\"text-align: center;\">Tube 50ml<\/p>\n<p style=\"text-align: center;\">25\u20ac<\/p>\n<p style=\"text-align: center;\">Il est formul\u00e9 avec de l&rsquo;eau florale de mauve bio, adoucissante et apaisante, de l&rsquo;argile rose remin\u00e9ralisante et de l&rsquo;extrait de fraisier pour ses actions sur l&rsquo;\u00e9clat du teint.<\/p>\n<h6 style=\"text-align: center;\">R\u00c9SULTAT BEAUT\u00c9<\/h6>\n<p style=\"text-align: center;\">V\u00e9ritable coup d&rsquo;\u00e9clat pour la peau, le masque hydratant Eclat De Reine, apporte confort et souplesse.<\/p>\n<h6 style=\"text-align: center;\">CONSEILS D&rsquo;UTILISATION<\/h6>\n<p style=\"text-align: center;\">1 \u00e0 2 fois par semaine, appliquer sur une peau parfaitement nettoy\u00e9e et exfoli\u00e9e en couche uniforme sur le visage. Effectuer de l\u00e9gers massages. Laisser poser 10 minutes puis retirer l&rsquo;exc\u00e9dent. Eviter le contour des yeux.<\/p>\n<\/div><\/div>\n<\/div>\n<\/div>\n\n\n\n<div style=\"height:50px\" aria-hidden=\"true\" class=\"wp-block-spacer\"><\/div>\n\n\n\n<div class=\"wp-block-columns is-layout-flex wp-container-core-columns-is-layout-9d6595d7 wp-block-columns-is-layout-flex\">\n<div class=\"wp-block-column is-layout-flow wp-block-column-is-layout-flow\"><div class=\"wp-block-image\">\n<figure class=\"aligncenter size-large is-resized\"><img loading=\"lazy\" decoding=\"async\" src=\"https:\/\/lescomtessescheries.be\/wp-content\/uploads\/2021\/05\/im21.jpg\" alt=\"\" class=\"wp-image-725\" width=\"200\" height=\"200\" srcset=\"https:\/\/lescomtessescheries.be\/wp-content\/uploads\/2021\/05\/im21.jpg 160w, https:\/\/lescomtessescheries.be\/wp-content\/uploads\/2021\/05\/im21-150x150.jpg 150w\" sizes=\"auto, (max-width: 200px) 100vw, 200px\" \/><\/figure>\n<\/div>\n\n<div id=\"faq-599\" class=\"arconix-faq-wrap\"><div id=\"faq-MASQUEVISAGEPURIFIANTLrsquoEXTRAITDEPROPOLIS\" class=\"arconix-faq-title faq-closed\">MASQUE VISAGE PURIFIANT \u00c0 L&rsquo;EXTRAIT DE PROPOLIS<\/div><div class=\"arconix-faq-content faq-closed\"><p style=\"text-align: center;\">Tube 5Oml<\/p>\n<p style=\"text-align: center;\">26\u20ac<\/p>\n<p style=\"text-align: center;\">V\u00e9ritable rituel de beaut\u00e9, le masque purifiant Satin Royal agit tel un v\u00e9ritable buvard absorbant.<\/p>\n<h6 style=\"text-align: center;\">R\u00c9SULTAT BEAUT\u00c9<\/h6>\n<p style=\"text-align: center;\">Une peau plus nette et plus douce<\/p>\n<h6 style=\"text-align: center;\">CONSEILS D&rsquo;UTILISATION<\/h6>\n<p style=\"text-align: center;\">1 \u00e0 2 fois par semaine, appliquer sur une peau parfaitement nettoy\u00e9e, une couche g\u00e9n\u00e9reuse sur le visage. Laisser poser 10 \u00e0 15 minutes. \u00c9viter le contour des yeux.<\/p>\n<\/div><\/div>\n<\/div>\n\n\n\n<div class=\"wp-block-column is-layout-flow wp-block-column-is-layout-flow\"><\/div>\n<\/div>\n\n\n\n<h3 class=\"has-text-align-center wp-block-heading\">S\u00e9rums &#8211; Boosters<\/h3>\n\n\n\n<div style=\"height:50px\" aria-hidden=\"true\" class=\"wp-block-spacer\"><\/div>\n\n\n\n<div style=\"height:30px\" aria-hidden=\"true\" class=\"wp-block-spacer\"><\/div>\n\n\n\n<div class=\"wp-block-columns is-layout-flex wp-container-core-columns-is-layout-9d6595d7 wp-block-columns-is-layout-flex\">\n<div class=\"wp-block-column is-layout-flow wp-block-column-is-layout-flow\"><div class=\"wp-block-image\">\n<figure class=\"aligncenter size-large is-resized\"><img loading=\"lazy\" decoding=\"async\" src=\"https:\/\/lescomtessescheries.be\/wp-content\/uploads\/2021\/05\/serum-hydraderm-24.jpg\" alt=\"\" class=\"wp-image-21\" width=\"200\" height=\"200\"\/><\/figure>\n<\/div>\n\n<div id=\"faq-601\" class=\"arconix-faq-wrap\"><div id=\"faq-SRUMHYDRADERM24H\" class=\"arconix-faq-title faq-closed\">S\u00c9RUM HYDRADERM 24H<\/div><div class=\"arconix-faq-content faq-closed\"><p style=\"text-align: center;\">Flacon 30 ml<\/p>\n<p style=\"text-align: center;\">55\u20ac<\/p>\n<p style=\"text-align: center;\">Toutes Peaux<br \/>\nConcentr\u00e9 en Eau Originelle de Pomme, ce s\u00e9rum aussi fluide que soyeux, est une v\u00e9ritable prouesse technologique. Il permet en un seul geste de fusionner des perles gorg\u00e9es d\u2019acide hyaluronique et un gel enrichi en actifs hydratants.<\/p>\n<h6 style=\"text-align: center;\">R\u00c9SULTAT BEAUT\u00c9<\/h6>\n<p style=\"text-align: center;\">La peau est liss\u00e9e, lumineuse et intens\u00e9ment hydrat\u00e9e.<\/p>\n<h6 style=\"text-align: center;\">CONSEILS D&rsquo;UTILISATION<\/h6>\n<p style=\"text-align: center;\">Matin et\/ou soir, sur une peau nettoy\u00e9e, appliquer en l\u00e9gers massages sur l\u2019ensemble du visage, du cou et du d\u00e9collet\u00e9. Poursuivre par l\u2019application de votre soin habituel.<\/p>\n<\/div><\/div>\n\n\n\n<p><\/p>\n<\/div>\n\n\n\n<div class=\"wp-block-column is-layout-flow wp-block-column-is-layout-flow\"><div class=\"wp-block-image\">\n<figure class=\"aligncenter size-large is-resized\"><img loading=\"lazy\" decoding=\"async\" src=\"https:\/\/lescomtessescheries.be\/wp-content\/uploads\/2021\/05\/im24.jpg\" alt=\"\" class=\"wp-image-726\" width=\"200\" height=\"200\" srcset=\"https:\/\/lescomtessescheries.be\/wp-content\/uploads\/2021\/05\/im24.jpg 264w, https:\/\/lescomtessescheries.be\/wp-content\/uploads\/2021\/05\/im24-150x150.jpg 150w\" sizes=\"auto, (max-width: 200px) 100vw, 200px\" \/><\/figure>\n<\/div>\n\n<div id=\"faq-605\" class=\"arconix-faq-wrap\"><div id=\"faq-SRUMCLAT\" class=\"arconix-faq-title faq-closed\">S\u00c9RUM \u00c9CLAT<\/div><div class=\"arconix-faq-content faq-closed\"><h6 style=\"text-align: center;\">Flacon pompe 30 ml<\/h6>\n<p style=\"text-align: center;\">\u20ac<\/p>\n<p style=\"text-align: center;\">Toutes peaux<br \/>\nV\u00e9ritable \u00ab elixir anti-fatigue \u00bb concentr\u00e9 en extrait d\u2019abricot pour donner au teint une puissance d\u2019\u00e9clat incomparable et afficher une peau z\u00e9ro d\u00e9faut. Sa texture fluide, soyeuse et hydratante procure une sensation de bien-\u00eatre incroyable.<\/p>\n<h6 style=\"text-align: center;\">R\u00c9SULTAT BEAUT\u00c9<\/h6>\n<p style=\"text-align: center;\">La peau est visiblement plus radieuse, le teint plus uniforme.<\/p>\n<h6 style=\"text-align: center;\">CONSEILS D&rsquo;UTILISATION<\/h6>\n<p style=\"text-align: center;\">Matin et \/ ou soir, sur une peau nettoy\u00e9e, appliquer en l\u00e9gers massages sur l\u2019ensemble du visage, du cou et du d\u00e9collet\u00e9. \u00c9viter le contact avec les yeux.<\/p>\n<\/div><\/div>\n<\/div>\n<\/div>\n\n\n\n<div style=\"height:50px\" aria-hidden=\"true\" class=\"wp-block-spacer\"><\/div>\n\n\n\n<div class=\"wp-block-columns is-layout-flex wp-container-core-columns-is-layout-9d6595d7 wp-block-columns-is-layout-flex\">\n<div class=\"wp-block-column is-layout-flow wp-block-column-is-layout-flow\"><div class=\"wp-block-image\">\n<figure class=\"aligncenter size-large is-resized\"><img loading=\"lazy\" decoding=\"async\" src=\"https:\/\/lescomtessescheries.be\/wp-content\/uploads\/2021\/05\/img-der.jpg\" alt=\"\" class=\"wp-image-727\" width=\"200\" height=\"200\" srcset=\"https:\/\/lescomtessescheries.be\/wp-content\/uploads\/2021\/05\/img-der.jpg 160w, https:\/\/lescomtessescheries.be\/wp-content\/uploads\/2021\/05\/img-der-150x150.jpg 150w\" sizes=\"auto, (max-width: 200px) 100vw, 200px\" \/><\/figure>\n<\/div>\n\n<div id=\"faq-603\" class=\"arconix-faq-wrap\"><div id=\"faq-SRUMVISAGELAGELEROYALEETLrsquoEXTRAITDEPROPOLISSERUMROYAL\" class=\"arconix-faq-title faq-closed\">S\u00c9RUM VISAGE \u00c0 LA GEL\u00c9E ROYALE ET \u00c0 L&rsquo;EXTRAIT DE PROPOLIS \u2013 SERUM ROYAL<\/div><div class=\"arconix-faq-content faq-closed\"><p style=\"text-align: center;\">Tube 30ml<\/p>\n<p style=\"text-align: center;\">\u20ac<\/p>\n<p style=\"text-align: center;\">Le S\u00e9rum Royal est un v\u00e9ritable revitalisant cellulaire aux pouvoirs\u00a0anti-\u00e2ge\u00a0et\u00a0anti-rel\u00e2chement\u00a0naturels.<\/p>\n<h6 style=\"text-align: center;\">R\u00c9SULTAT BEAUT\u00c9<\/h6>\n<p style=\"text-align: center;\">L&rsquo;action combin\u00e9e de la gel\u00e9e royale et de la propolis permettent de\u00a0lutter contre le vieillissement cutan\u00e9 et l&rsquo;apparition de taches pigmentaires.<\/p>\n<h6 style=\"text-align: center;\">CONSEILS D&rsquo;UTILISATION<\/h6>\n<p style=\"text-align: center;\">Apr\u00e8s avoir parfaitement nettoy\u00e9 votre peau, appliquer le s\u00e9rum royal matin et soir sur votre visage, votre cou et votre d\u00e9collet\u00e9.<\/p>\n<\/div><\/div>\n<\/div>\n\n\n\n<div class=\"wp-block-column is-layout-flow wp-block-column-is-layout-flow\"><div class=\"wp-block-image\">\n<figure class=\"aligncenter size-large is-resized\"><img loading=\"lazy\" decoding=\"async\" src=\"https:\/\/lescomtessescheries.be\/wp-content\/uploads\/2021\/06\/photo-produit.jpg\" alt=\"\" class=\"wp-image-921\" width=\"130\" height=\"130\"\/><\/figure>\n<\/div>\n\n<div id=\"faq-607\" class=\"arconix-faq-wrap\"><div id=\"faq-HUILEDESOINHYDRATANTE\" class=\"arconix-faq-title faq-closed\">HUILE DE SOIN HYDRATANTE<\/div><div class=\"arconix-faq-content faq-closed\"><p style=\"text-align: center;\">Flacon compte-gouttes 30 ml<\/p>\n<p style=\"text-align: center;\">39\u20ac<\/p>\n<p style=\"text-align: center;\">Toutes Peaux Booster de Traitement<br \/>\nConcentr\u00e9e en huiles essentielles de Myrte Verte et d\u2019Absolue Rose de Mai, en extraits de Framboise et de P\u00eache, elle hydrate la peau. Elle agit comme un v\u00e9ritable booster d&rsquo;efficacit\u00e9 de votre cr\u00e8me de jour ou de nuit.<\/p>\n<h6 style=\"text-align: center;\">R\u00c9SULTAT BEAUT\u00c9<\/h6>\n<p style=\"text-align: center;\">Hydrat\u00e9e, la peau retrouve toute sa souplesse et son confort.<\/p>\n<h6 style=\"text-align: center;\">CONSEILS D&rsquo;UTILISATION<\/h6>\n<p style=\"text-align: center;\">Matin et soir, avant votre soin habituel, appliquer quelques gouttes par effleurages l\u00e9gers sur le visage et le cou nettoy\u00e9s.<\/p>\n<\/div><\/div>\n<\/div>\n<\/div>\n\n\n\n<div style=\"height:50px\" aria-hidden=\"true\" class=\"wp-block-spacer\"><\/div>\n\n\n\n<div class=\"wp-block-columns is-layout-flex wp-container-core-columns-is-layout-9d6595d7 wp-block-columns-is-layout-flex\">\n<div class=\"wp-block-column is-layout-flow wp-block-column-is-layout-flow\"><div class=\"wp-block-image\">\n<figure class=\"aligncenter size-large is-resized\"><img loading=\"lazy\" decoding=\"async\" src=\"https:\/\/lescomtessescheries.be\/wp-content\/uploads\/2021\/05\/im26.jpg\" alt=\"\" class=\"wp-image-729\" width=\"200\" height=\"200\"\/><\/figure>\n<\/div>\n\n<div id=\"faq-609\" class=\"arconix-faq-wrap\"><div id=\"faq-HUILEDESOINANTI-IMPERFECTIONS\" class=\"arconix-faq-title faq-closed\">HUILE DE SOIN ANTI-IMPERFECTIONS<\/div><div class=\"arconix-faq-content faq-closed\"><p style=\"text-align: center;\">Flacon compte-gouttes 30 ml<\/p>\n<p style=\"text-align: center;\">\u20ac<\/p>\n<p style=\"text-align: center;\">Peaux Grasses Booster de Traitement<br \/>\nConcentr\u00e9e en huiles essentielles de Bois de Cadier et de Romarin, en extraits de Pens\u00e9e Sauvage et de Menthe Poivr\u00e9e, elle contribue \u00e0 r\u00e9duire les imperfections. Elle agit comme un v\u00e9ritable booster d&rsquo;efficacit\u00e9 de votre cr\u00e8me de jour ou de nuit.<\/p>\n<h6 style=\"text-align: center;\">R\u00c9SULTAT BEAUT\u00c9<\/h6>\n<p style=\"text-align: center;\">Purifi\u00e9e, la peau retrouve son \u00e9quilibre naturel.<\/p>\n<h6 style=\"text-align: center;\">CONSEILS D&rsquo;UTILISATION<\/h6>\n<p style=\"text-align: center;\">Matin et soir, avant votre soin habituel, appliquer quelques gouttes par effleurages l\u00e9gers sur le visage et le cou nettoy\u00e9s.<\/p>\n<\/div><\/div>\n<\/div>\n\n\n\n<div class=\"wp-block-column is-layout-flow wp-block-column-is-layout-flow\"><div class=\"wp-block-image\">\n<figure class=\"aligncenter size-large is-resized\"><img loading=\"lazy\" decoding=\"async\" src=\"https:\/\/lescomtessescheries.be\/wp-content\/uploads\/2021\/05\/im27.jpg\" alt=\"\" class=\"wp-image-731\" width=\"200\" height=\"200\"\/><\/figure>\n<\/div>\n\n<div id=\"faq-611\" class=\"arconix-faq-wrap\"><div id=\"faq-HUILEDESOINANTI-ROUGEURS\" class=\"arconix-faq-title faq-closed\">HUILE DE SOIN ANTI-ROUGEURS<\/div><div class=\"arconix-faq-content faq-closed\"><p style=\"text-align: center;\">Flacon compte-gouttes 30 ml<\/p>\n<p style=\"text-align: center;\">\u20ac<\/p>\n<p style=\"text-align: center;\">Peaux \u00e0 Rougeurs<br \/>\nConcentr\u00e9e en huiles essentielles de Cypr\u00e8s et de Camomille Romaine, en extraits de Calendula et de Marron d\u2019Inde, elle favorise la microcirculation cutan\u00e9e et att\u00e9nue les sensations d\u2019inconfort. Elle agit comme un v\u00e9ritable booster d&rsquo;efficacit\u00e9 de votre cr\u00e8me de jour ou de nuit.<\/p>\n<h6 style=\"text-align: center;\">R\u00c9SULTAT BEAUT\u00c9<\/h6>\n<p style=\"text-align: center;\">Apais\u00e9e, la peau retrouve toute sa douceur et son confort.<\/p>\n<h6 style=\"text-align: center;\">CONSEILS D&rsquo;UTILISATION<\/h6>\n<p style=\"text-align: center;\">Matin et soir, avant votre soin habituel, appliquer quelques gouttes par effleurages l\u00e9gers sur le visage et le cou nettoy\u00e9s.<\/p>\n<\/div><\/div>\n<\/div>\n<\/div>\n\n\n\n<div style=\"height:50px\" aria-hidden=\"true\" class=\"wp-block-spacer\"><\/div>\n\n\n\n<div class=\"wp-block-columns is-layout-flex wp-container-core-columns-is-layout-9d6595d7 wp-block-columns-is-layout-flex\">\n<div class=\"wp-block-column is-layout-flow wp-block-column-is-layout-flow\"><div class=\"wp-block-image\">\n<figure class=\"aligncenter size-large is-resized\"><img loading=\"lazy\" decoding=\"async\" src=\"https:\/\/lescomtessescheries.be\/wp-content\/uploads\/2021\/05\/im28.jpg\" alt=\"\" class=\"wp-image-732\" width=\"200\" height=\"200\" srcset=\"https:\/\/lescomtessescheries.be\/wp-content\/uploads\/2021\/05\/im28.jpg 171w, https:\/\/lescomtessescheries.be\/wp-content\/uploads\/2021\/05\/im28-150x150.jpg 150w\" sizes=\"auto, (max-width: 200px) 100vw, 200px\" \/><\/figure>\n<\/div>\n\n<div id=\"faq-613\" class=\"arconix-faq-wrap\"><div id=\"faq-SRUMHYDRATANTINTENSIF4D\" class=\"arconix-faq-title faq-closed\">S\u00c9RUM HYDRATANT INTENSIF 4D<\/div><div class=\"arconix-faq-content faq-closed\"><p style=\"text-align: center;\">Flacon 30ml<\/p>\n<p style=\"text-align: center;\">Notre plus haute concentration d\u2019acides hyaluroniques dans un s\u00e9rum. Compos\u00e9 de 4 acides hyaluroniques diff\u00e9rents, ce s\u00e9rum ultra-concentr\u00e9 \u00e0 la texture in\u00e9dite d\u2019une finesse incomparable va agir \u00e0 la fois en surface et en maintenant l\u2019eau au c\u0153ur des cellules pour hydrater intens\u00e9ment et lisser la peau.<\/p>\n<h6 style=\"text-align: center;\">R\u00c9SULTAT BEAUT\u00c9<\/h6>\n<p style=\"text-align: center;\">C\u2019est prouv\u00e9, mieux hydrat\u00e9e, la peau est repulp\u00e9e, plus \u00e9clatante et plus lisse.<\/p>\n<p>Efficacit\u00e9 scientifiquement prouv\u00e9e :<br \/>\n\u2022 +46% d\u2019hydratation imm\u00e9diate*<br \/>\n\u2022 Hydratation intense toute la journ\u00e9e<br \/>\n\u2022 Jusqu\u2019\u00e0 24h d\u2019hydratation<\/p>\n<p>* Mesure scientifique sur 11 volontaires, 2 heures apr\u00e8s l\u2019application.<\/p>\n<p style=\"text-align: center;\">\n<h6 style=\"text-align: center;\">CONSEILS D&rsquo;UTILISATION<\/h6>\n<p style=\"text-align: center;\">Matin et\/ou soir, sur une peau nettoy\u00e9e, appliquer en l\u00e9gers massages sur l\u2019ensemble du visage, du cou et du d\u00e9collet\u00e9. Poursuivre par l\u2019application de votre soin habituel.<\/p>\n<p style=\"text-align: center;\">\n<\/div><\/div>\n\n\n\n<p><\/p>\n<\/div>\n\n\n\n<div class=\"wp-block-column is-layout-flow wp-block-column-is-layout-flow\"><\/div>\n<\/div>\n\n\n\n<div class=\"wp-block-columns is-layout-flex wp-container-core-columns-is-layout-9d6595d7 wp-block-columns-is-layout-flex\">\n<div class=\"wp-block-column is-layout-flow wp-block-column-is-layout-flow\">\n<div style=\"height:40px\" aria-hidden=\"true\" class=\"wp-block-spacer\"><\/div>\n<\/div>\n<\/div>\n\n\n\n<h4 class=\"has-text-align-center wp-block-heading\">CREME DE JOUR<\/h4>\n\n\n\n<div style=\"height:50px\" aria-hidden=\"true\" class=\"wp-block-spacer\"><\/div>\n\n\n\n<div style=\"height:40px\" aria-hidden=\"true\" class=\"wp-block-spacer\"><\/div>\n\n\n\n<div class=\"wp-block-columns is-layout-flex wp-container-core-columns-is-layout-9d6595d7 wp-block-columns-is-layout-flex\">\n<div class=\"wp-block-column is-layout-flow wp-block-column-is-layout-flow\">\n<h4 class=\"has-text-align-center wp-block-heading\"><\/h4>\n\n\n<div class=\"wp-block-image\">\n<figure class=\"aligncenter size-large is-resized\"><img loading=\"lazy\" decoding=\"async\" src=\"https:\/\/lescomtessescheries.be\/wp-content\/uploads\/2021\/05\/creme.jpg\" alt=\"\" class=\"wp-image-332\" width=\"200\" height=\"200\" srcset=\"https:\/\/lescomtessescheries.be\/wp-content\/uploads\/2021\/05\/creme.jpg 167w, https:\/\/lescomtessescheries.be\/wp-content\/uploads\/2021\/05\/creme-150x150.jpg 150w\" sizes=\"auto, (max-width: 200px) 100vw, 200px\" \/><\/figure>\n<\/div>\n\n<div id=\"faq-619\" class=\"arconix-faq-wrap\"><div id=\"faq-CRMEHYDRATANTESURVITAMINE\" class=\"arconix-faq-title faq-closed\">CR\u00c8ME HYDRATANTE SURVITAMIN\u00c9E<\/div><div class=\"arconix-faq-content faq-closed\"><p style=\"text-align: center;\">Pot 50 ml<\/p>\n<p style=\"text-align: center;\">65\u20ac<\/p>\n<p style=\"text-align: center;\">Traitement quotidien<\/p>\n<p style=\"text-align: center;\">Inspir\u00e9e de la m\u00e9soth\u00e9rapie faciale en m\u00e9decine esth\u00e9tique (micro injections d\u2019actifs de forte concentration), cette cr\u00e8me \u00e0 la texture in\u00e9dite ultrafondante est enrichie d\u2019un trio d\u2019acides hyaluroniques et de vitamines (B5, E et F) pour repulper et corriger les marques de fatigue. Id\u00e9ale \u00e9galement en soin postm\u00e9soth\u00e9rapie ou m\u00e9solift.<br \/>\nTest\u00e9 sous contr\u00f4le dermatologique.<\/p>\n<\/div><\/div>\n<\/div>\n\n\n\n<div class=\"wp-block-column is-layout-flow wp-block-column-is-layout-flow\">\n<h4 class=\"has-text-align-center wp-block-heading\"><\/h4>\n\n\n<div class=\"wp-block-image\">\n<figure class=\"aligncenter size-large is-resized\"><img loading=\"lazy\" decoding=\"async\" src=\"https:\/\/lescomtessescheries.be\/wp-content\/uploads\/2021\/05\/uv-ecran-365-jours-fps-50.jpg\" alt=\"\" class=\"wp-image-22\" width=\"200\" height=\"200\"\/><\/figure>\n<\/div>\n\n<div id=\"faq-617\" class=\"arconix-faq-wrap\"><div id=\"faq-UVCRAN365JOURSFPS508211UVAUVBPA8211ANTI-POLLUTION\" class=\"arconix-faq-title faq-closed\">UV \u00c9CRAN 365 JOURS FPS 50 &#8211; UVA\/UVB\/PA++++ &#8211; ANTI-POLLUTION<\/div><div class=\"arconix-faq-content faq-closed\"><p style=\"text-align: center;\">Flacon 30 ml<\/p>\n<p style=\"text-align: center;\">48\u20ac<\/p>\n<p style=\"text-align: center;\">D\u00e9shydratation S\u00e9v\u00e8re Anti-\u00c2ge Global Hyper-pigmentation<br \/>\nUn soin 2 en 1 anti-UV et anti-pollution imperceptible sur la peau gr\u00e2ce \u00e0 sa texture non grasse et a\u00e9rienne. Il dispose d&rsquo;un \u00e9cran solaire et offre une protection UVA\/UVB elev\u00e9e contre les radicaux libres.<\/p>\n<h6 style=\"text-align: center;\">R\u00c9SULTAT BEAUT\u00c9<\/h6>\n<p style=\"text-align: center;\">Ce soin aide \u00e0 pr\u00e9venir la formation des taches pigmentaires et le vieillissement cutan\u00e9. Chaque jour, la peau est prot\u00e9g\u00e9e.<\/p>\n<h6 style=\"text-align: center;\">CONSEILS D&rsquo;UTILISATION<\/h6>\n<p style=\"text-align: center;\">Le matin, appliquer sur le visage et le cou apr\u00e8s la cr\u00e8me de jour et avant le maquillage dont il facilite l&rsquo;application. En retouche, s\u2019utilise par l\u00e9gers mouvements de pression sur le maquillage. Agiter avant emploi.<\/p>\n<\/div><\/div>\n<\/div>\n<\/div>\n\n\n\n<div style=\"height:50px\" aria-hidden=\"true\" class=\"wp-block-spacer\"><\/div>\n\n\n\n<div class=\"wp-block-columns is-layout-flex wp-container-core-columns-is-layout-9d6595d7 wp-block-columns-is-layout-flex\">\n<div class=\"wp-block-column is-layout-flow wp-block-column-is-layout-flow\"><div class=\"wp-block-image\">\n<figure class=\"aligncenter size-large is-resized\"><img loading=\"lazy\" decoding=\"async\" src=\"https:\/\/lescomtessescheries.be\/wp-content\/uploads\/2021\/05\/im29.jpg\" alt=\"\" class=\"wp-image-733\" width=\"200\" height=\"200\" srcset=\"https:\/\/lescomtessescheries.be\/wp-content\/uploads\/2021\/05\/im29.jpg 202w, https:\/\/lescomtessescheries.be\/wp-content\/uploads\/2021\/05\/im29-150x150.jpg 150w\" sizes=\"auto, (max-width: 200px) 100vw, 200px\" \/><\/figure>\n<\/div>\n\n<div id=\"faq-615\" class=\"arconix-faq-wrap\"><div id=\"faq-AQUABAUMECLAT\" class=\"arconix-faq-title faq-closed\">AQUABAUME \u00c9CLAT<\/div><div class=\"arconix-faq-content faq-closed\"><p style=\"text-align: center;\">Tube 50 ml<\/p>\n<p style=\"text-align: center;\">36\u20ac<\/p>\n<p style=\"text-align: center;\">Toutes peaux<br \/>\nOubliez les marques de fatigue et r\u00e9veillez votre peau gr\u00e2ce \u00e0 ce soin enrichi en extrait d\u2019abricot pour un effet coup de fouet imm\u00e9diat. \u00c0 la texture \u00ab r\u00e9veille matin \u00bb qui allie la fra\u00eecheur d\u2019un gel au confort d\u2019un baume, ce soin diffuseur d\u2019\u00e9clat permet \u00e9galement de fixer le maquillage.<\/p>\n<h6 style=\"text-align: center;\">R\u00c9SULTAT BEAUT\u00c9<\/h6>\n<p style=\"text-align: center;\">La peau est visiblement dynamis\u00e9e, plus radieuse ; le teint est plus uniforme.<\/p>\n<h6 style=\"text-align: center;\">CONSEILS D&rsquo;UTILISATION<\/h6>\n<p style=\"text-align: center;\">Matin et \/ ou soir, sur une peau nettoy\u00e9e, appliquer en l\u00e9gers massages sur l\u2019ensemble du visage, du cou et du d\u00e9collet\u00e9.<\/p>\n<\/div><\/div>\n<\/div>\n\n\n\n<div class=\"wp-block-column is-layout-flow wp-block-column-is-layout-flow\"><div class=\"wp-block-image\">\n<figure class=\"aligncenter size-large is-resized\"><img loading=\"lazy\" decoding=\"async\" src=\"https:\/\/lescomtessescheries.be\/wp-content\/uploads\/2021\/05\/im32.jpg\" alt=\"\" class=\"wp-image-734\" width=\"158\" height=\"158\"\/><\/figure>\n<\/div>\n\n<div id=\"faq-621\" class=\"arconix-faq-wrap\"><div id=\"faq-CRMEHYDRA-PROTECTRICE\" class=\"arconix-faq-title faq-closed\">CR\u00c8ME HYDRA-PROTECTRICE<\/div><div class=\"arconix-faq-content faq-closed\"><p style=\"text-align: center;\">Tube 50 ml<\/p>\n<p style=\"text-align: center;\">29\u20ac<\/p>\n<p style=\"text-align: center;\">Peaux Normales<br \/>\nCette cr\u00e8me \u00e0 la cire essentielle de Narcisse et \u00e0 l\u2019extrait de Melon prot\u00e8ge la peau des agressions de l\u2019environnement.<\/p>\n<h6 style=\"text-align: center;\">R\u00c9SULTAT BEAUT\u00c9<\/h6>\n<p style=\"text-align: center;\">La peau est hydrat\u00e9e et douce. Le teint est \u00e9clatant.<\/p>\n<h6 style=\"text-align: center;\">CONSEILS D&rsquo;UTILISATION<\/h6>\n<p style=\"text-align: center;\">Matin et soir, appliquer en l\u00e9gers massages sur une peau nettoy\u00e9e.<\/p>\n<p>&nbsp;<\/p>\n<\/div><\/div>\n<\/div>\n<\/div>\n\n\n\n<div style=\"height:50px\" aria-hidden=\"true\" class=\"wp-block-spacer\"><\/div>\n\n\n\n<div class=\"wp-block-columns is-layout-flex wp-container-core-columns-is-layout-9d6595d7 wp-block-columns-is-layout-flex\">\n<div class=\"wp-block-column is-layout-flow wp-block-column-is-layout-flow\"><div class=\"wp-block-image\">\n<figure class=\"aligncenter size-large is-resized\"><img loading=\"lazy\" decoding=\"async\" src=\"https:\/\/lescomtessescheries.be\/wp-content\/uploads\/2021\/05\/im33.jpg\" alt=\"\" class=\"wp-image-735\" width=\"200\" height=\"200\"\/><\/figure>\n<\/div>\n\n<div id=\"faq-623\" class=\"arconix-faq-wrap\"><div id=\"faq-CRMENOURRISSANTE\" class=\"arconix-faq-title faq-closed\">CR\u00c8ME NOURRISSANTE<\/div><div class=\"arconix-faq-content faq-closed\"><p style=\"text-align: center;\">Tube 50 ml<\/p>\n<p style=\"text-align: center;\">29\u20ac<\/p>\n<p style=\"text-align: center;\">Peaux S\u00e8ches<br \/>\nCette cr\u00e8me onctueuse \u00e0 la cire essentielle de mimosa, \u00e0 l\u2019huile et au beurre de prune, nourrit et contribue \u00e0 renforcer la barri\u00e8re cutan\u00e9e.<\/p>\n<h6 style=\"text-align: center;\">R\u00c9SULTAT BEAUT\u00c9<\/h6>\n<p style=\"text-align: center;\">La peau est intens\u00e9ment nourrie. Elle retrouve un confort extr\u00eame.<\/p>\n<h6 style=\"text-align: center;\">CONSEILS D&rsquo;UTILISATION<\/h6>\n<p style=\"text-align: center;\">Matin et soir, appliquer en l\u00e9gers massages sur une peau nettoy\u00e9e<\/p>\n<\/div><\/div>\n\n\n\n<p><\/p>\n<\/div>\n\n\n\n<div class=\"wp-block-column is-layout-flow wp-block-column-is-layout-flow\"><div class=\"wp-block-image\">\n<figure class=\"aligncenter size-large is-resized\"><img loading=\"lazy\" decoding=\"async\" src=\"https:\/\/lescomtessescheries.be\/wp-content\/uploads\/2021\/05\/im34.jpg\" alt=\"\" class=\"wp-image-736\" width=\"171\" height=\"171\"\/><\/figure>\n<\/div>\n\n<div id=\"faq-625\" class=\"arconix-faq-wrap\"><div id=\"faq-FLUIDEHYDRO-MATIFIANT\" class=\"arconix-faq-title faq-closed\">FLUIDE HYDRO-MATIFIANT<\/div><div class=\"arconix-faq-content faq-closed\"><p style=\"text-align: center;\">Tube 50 ml<\/p>\n<p style=\"text-align: center;\">29\u20ac<\/p>\n<p style=\"text-align: center;\">Peaux Mixtes<br \/>\nCe fluide \u00e0 l\u2019huile essentielle de Lavande et \u00e0 l\u2019extrait d\u2019Eucalyptus purifie l&rsquo;\u00e9piderme et favorise l&rsquo;oxyg\u00e9nation de la peau pour raviver l&rsquo;\u00e9clat du teint.<\/p>\n<h6 style=\"text-align: center;\">R\u00c9SULTAT BEAUT\u00c9<\/h6>\n<p style=\"text-align: center;\">La peau est hydrat\u00e9e. Le teint est unifi\u00e9.<\/p>\n<h6 style=\"text-align: center;\">CONSEILS D&rsquo;UTILISATION<\/h6>\n<p style=\"text-align: center;\">Matin et soir, appliquer en l\u00e9gers massages sur une peau nettoy\u00e9e.<\/p>\n<p><strong>\u00a0<\/strong><\/p>\n<\/div><\/div>\n<\/div>\n<\/div>\n\n\n\n<div style=\"height:50px\" aria-hidden=\"true\" class=\"wp-block-spacer\"><\/div>\n\n\n\n<div class=\"wp-block-columns is-layout-flex wp-container-core-columns-is-layout-9d6595d7 wp-block-columns-is-layout-flex\">\n<div class=\"wp-block-column is-layout-flow wp-block-column-is-layout-flow\"><div class=\"wp-block-image\">\n<figure class=\"aligncenter size-large is-resized\"><img loading=\"lazy\" decoding=\"async\" src=\"https:\/\/lescomtessescheries.be\/wp-content\/uploads\/2021\/05\/im35.jpg\" alt=\"\" class=\"wp-image-737\" width=\"97\" height=\"97\"\/><\/figure>\n<\/div>\n\n<div id=\"faq-627\" class=\"arconix-faq-wrap\"><div id=\"faq-GELANTI-BRILLANCE\" class=\"arconix-faq-title faq-closed\">GEL ANTI-BRILLANCE<\/div><div class=\"arconix-faq-content faq-closed\"><p style=\"text-align: center;\">Tube 50 ml<\/p>\n<p style=\"text-align: center;\">29\u20ac<\/p>\n<p style=\"text-align: center;\">Peaux Grasses<br \/>\nCe gel frais non gras \u00e0 l\u2019huile essentielle de Lavande et \u00e0 l\u2019extrait de Thym matifie et purifie l&rsquo;\u00e9piderme tout au long de la journ\u00e9e.<\/p>\n<h6 style=\"text-align: center;\">R\u00c9SULTAT BEAUT\u00c9<\/h6>\n<p style=\"text-align: center;\">La peau est durablement matifi\u00e9e. Le teint est frais.<\/p>\n<h6 style=\"text-align: center;\">CONSEILS D&rsquo;UTILISATION<\/h6>\n<p style=\"text-align: center;\">Matin et soir, appliquer en l\u00e9gers massages sur une peau nettoy\u00e9e.<\/p>\n<\/div><\/div>\n<\/div>\n\n\n\n<div class=\"wp-block-column is-layout-flow wp-block-column-is-layout-flow\"><div class=\"wp-block-image\">\n<figure class=\"aligncenter size-large is-resized\"><img loading=\"lazy\" decoding=\"async\" src=\"https:\/\/lescomtessescheries.be\/wp-content\/uploads\/2021\/05\/im37.jpg\" alt=\"\" class=\"wp-image-738\" width=\"123\" height=\"123\"\/><\/figure>\n<\/div>\n\n<div id=\"faq-629\" class=\"arconix-faq-wrap\"><div id=\"faq-CRMEONCTUEUSE\" class=\"arconix-faq-title faq-closed\">CR\u00c8ME ONCTUEUSE<\/div><div class=\"arconix-faq-content faq-closed\"><p style=\"text-align: center;\">Pot 50 ml<\/p>\n<p style=\"text-align: center;\">\u20ac<\/p>\n<p style=\"text-align: center;\">Peaux S\u00e8ches<br \/>\nTexture onctueuse hydratante id\u00e9ale pour les peaux \u00e0 tendance s\u00e8che pr\u00e9sentant un manque de lipides. Climats froids et secs.<\/p>\n<h6 style=\"text-align: center;\">R\u00c9SULTAT BEAUT\u00c9<\/h6>\n<p style=\"text-align: center;\">La peau retrouve souplesse, confort et tout son \u00e9clat.<\/p>\n<h6 style=\"text-align: center;\">CONSEILS D&rsquo;UTILISATION<\/h6>\n<p style=\"text-align: center;\">Matin et soir, appliquer en l\u00e9gers massages sur une peau assainie<\/p>\n<\/div><\/div>\n<\/div>\n<\/div>\n\n\n\n<div style=\"height:50px\" aria-hidden=\"true\" class=\"wp-block-spacer\"><\/div>\n\n\n\n<div class=\"wp-block-columns is-layout-flex wp-container-core-columns-is-layout-9d6595d7 wp-block-columns-is-layout-flex\">\n<div class=\"wp-block-column is-layout-flow wp-block-column-is-layout-flow\"><div class=\"wp-block-image\">\n<figure class=\"aligncenter size-large is-resized\"><img loading=\"lazy\" decoding=\"async\" src=\"https:\/\/lescomtessescheries.be\/wp-content\/uploads\/2021\/05\/im38.jpg\" alt=\"\" class=\"wp-image-739\" width=\"200\" height=\"200\" srcset=\"https:\/\/lescomtessescheries.be\/wp-content\/uploads\/2021\/05\/im38.jpg 159w, https:\/\/lescomtessescheries.be\/wp-content\/uploads\/2021\/05\/im38-150x150.jpg 150w\" sizes=\"auto, (max-width: 200px) 100vw, 200px\" \/><\/figure>\n<\/div>\n\n<div id=\"faq-633\" class=\"arconix-faq-wrap\"><div id=\"faq-FLUIDEHYDRATANTHAUTEPROTECTIONFPS30\" class=\"arconix-faq-title faq-closed\">FLUIDE HYDRATANT HAUTE PROTECTION FPS 30<\/div><div class=\"arconix-faq-content faq-closed\"><p style=\"text-align: center;\">Un soin quotidien dot\u00e9 d&rsquo;un facteur de protection solaire UV renforc\u00e9 pour prot\u00e9ger la peau des rayons nocifs du soleil et de la pollution afin de lutter contre les signes visibles du vieillissement pr\u00e9matur\u00e9. Ce voile hydrate intens\u00e9ment et durablement la peau.<br \/>\nId\u00e9al pour : Peau en manque de vitalit\u00e9<\/p>\n<h6 style=\"text-align: center;\">R\u00c9SULTAT BEAUT\u00c9<\/h6>\n<p style=\"text-align: center;\">La peau est souple et douce.<br \/>\nEfficacit\u00e9 scientifiquement prouv\u00e9e :<br \/>\n\u2022 + 52% d\u2019hydratation*<br \/>\n\u2022 Peau hydrat\u00e9e : 95%**<br \/>\n\u2022 Peau prot\u00e9g\u00e9e : 100%**<br \/>\n\u2022 Adapt\u00e9 \u00e0 la vie urbaine : 86%**<br \/>\n* Mesure scientifique sur 10 volontaires, 2 heures apr\u00e8s application.<br \/>\n** % de femmes satisfaites apr\u00e8s 28 jours d\u2019utilisation quotidienne. Test d\u2019usage sur 22 femmes \u00e2g\u00e9es de 32 \u00e0 50 ans.<\/p>\n<h6 style=\"text-align: center;\">CONSEILS D&rsquo;UTILISATION<\/h6>\n<p style=\"text-align: center;\">Appliquer uniform\u00e9ment sur le visage, le cou et le d\u00e9collet\u00e9 en \u00e9vitant le contour des yeux. Renouveler fr\u00e9quemment et aussi souvent que n\u00e9cessaire. \u00c9viter l\u2019exposition solaire aux heures d\u2019ensoleillement maximum. Utiliser des produits de protection solaire appropri\u00e9s \u00e0 votre type de peau. L\u2019utilisation de produits solaires peut r\u00e9duire les risques de vieillissement cutan\u00e9, de cancer de la peau et autres m\u00e9faits dus au soleil.<\/p>\n<\/div><\/div>\n<\/div>\n\n\n\n<div class=\"wp-block-column is-layout-flow wp-block-column-is-layout-flow\"><div class=\"wp-block-image\">\n<figure class=\"aligncenter size-large is-resized\"><img loading=\"lazy\" decoding=\"async\" src=\"https:\/\/lescomtessescheries.be\/wp-content\/uploads\/2021\/05\/im39.jpg\" alt=\"\" class=\"wp-image-740\" width=\"200\" height=\"200\" srcset=\"https:\/\/lescomtessescheries.be\/wp-content\/uploads\/2021\/05\/im39.jpg 160w, https:\/\/lescomtessescheries.be\/wp-content\/uploads\/2021\/05\/im39-150x150.jpg 150w\" sizes=\"auto, (max-width: 200px) 100vw, 200px\" \/><\/figure>\n<\/div>\n\n<div id=\"faq-635\" class=\"arconix-faq-wrap\"><div id=\"faq-CRMEDEJOURTEXTURELGREAUMIELBIOFRANAIS\" class=\"arconix-faq-title faq-closed\">CR\u00c8ME DE JOUR, TEXTURE L\u00c9G\u00c8RE, AU MIEL BIO FRAN\u00c7AIS<\/div><div class=\"arconix-faq-content faq-closed\"><p style=\"text-align: center;\">Tube 30ml<\/p>\n<p style=\"text-align: center;\">\u20ac<\/p>\n<p style=\"text-align: center;\">R\u00e9\u00e9quilibrante et hydratante, la cr\u00e8me de jour texture l\u00e9g\u00e8re Fondant Royal\u00a0apporte douceur et confort\u00a0\u00e0 votre \u00e9piderme.\u00a0Enrichie en\u00a0hyaluronate de sodium (sel de sodium de l&rsquo;acide hyaluronique) aux propri\u00e9t\u00e9s hydratantes, en acides de fruits (AHA), en cire d&rsquo;abeille bio nourrissante\u00a0et\u00a0en miel bio nutritif.<\/p>\n<p style=\"text-align: center;\">Haut du formulaire<\/p>\n<p style=\"text-align: center;\">Bas du formulaire<\/p>\n<p style=\"text-align: center;\"><em>En achetant ce produit,<br \/>\nje parraine\u00a0<strong>5 abeilles<\/strong>\u00a0et je s\u00e8me\u00a0<strong>1m<\/strong><\/em><strong><em><sup>2<\/sup><\/em><\/strong><strong><em>\u00a0de biodiversit\u00e9<\/em><\/strong><em>\u00a0!<\/em><\/p>\n<h6 style=\"text-align: center;\">R\u00c9SULTAT BEAUT\u00c9<\/h6>\n<p style=\"text-align: center;\">Cette \u00e9mulsion cr\u00e8me vous laisse une\u00a0peau \u00e9clatante.<\/p>\n<h6 style=\"text-align: center;\">CONSEILS D&rsquo;UTILISATION<\/h6>\n<p style=\"text-align: center;\">Appliquer ce soin de jour tous les matins sur le visage\u00a0et le cou parfaitement nettoy\u00e9s. Il est id\u00e9al pour prot\u00e9ger votre peau des agressions du froid en hiver, ou du soleil en \u00e9t\u00e9. Ce soin peut \u00eatre utilis\u00e9 seul ou apr\u00e8s le S\u00e9rum Royal, pour le plus grand confort\u00a0de votre visage.<\/p>\n<\/div><\/div>\n<\/div>\n<\/div>\n\n\n\n<div style=\"height:50px\" aria-hidden=\"true\" class=\"wp-block-spacer\"><\/div>\n\n\n\n<div class=\"wp-block-columns is-layout-flex wp-container-core-columns-is-layout-9d6595d7 wp-block-columns-is-layout-flex\">\n<div class=\"wp-block-column is-layout-flow wp-block-column-is-layout-flow\"><div class=\"wp-block-image\">\n<figure class=\"aligncenter size-large is-resized\"><img loading=\"lazy\" decoding=\"async\" src=\"https:\/\/lescomtessescheries.be\/wp-content\/uploads\/2021\/05\/creme-der.jpg\" alt=\"\" class=\"wp-image-741\" width=\"200\" height=\"200\"\/><\/figure>\n<\/div>\n\n<div id=\"faq-631\" class=\"arconix-faq-wrap\"><div id=\"faq-PROGRAMMEOXYGNANTSTIMULANT\" class=\"arconix-faq-title faq-closed\">PROGRAMME OXYG\u00c9NANT STIMULANT<\/div><div class=\"arconix-faq-content faq-closed\"><p style=\"text-align: center;\">Pot 50 ml<\/p>\n<p style=\"text-align: center;\">\u20ac<\/p>\n<p style=\"text-align: center;\">Peaux Normales \u00e0 Mixtes<\/p>\n<p style=\"text-align: center;\">Lutte contre les effets de la pollution. Renforce la protection naturelle cutan\u00e9e.<\/p>\n<h6 style=\"text-align: center;\">R\u00c9SULTAT BEAUT\u00c9<\/h6>\n<p style=\"text-align: center;\">La peau est fortifi\u00e9e et hydrat\u00e9e.<\/p>\n<h6 style=\"text-align: center;\">CONSEILS D&rsquo;UTILISATION<\/h6>\n<p style=\"text-align: center;\">Matin et\/ou soir, sur une peau assainie, appliquer quelques touches et faire p\u00e9n\u00e9trer par profonds massages.<\/p>\n<\/div><\/div>\n<\/div>\n\n\n\n<div class=\"wp-block-column is-layout-flow wp-block-column-is-layout-flow\"><\/div>\n<\/div>\n\n\n\n<div style=\"height:50px\" aria-hidden=\"true\" class=\"wp-block-spacer\"><\/div>\n\n\n\n<div style=\"height:50px\" aria-hidden=\"true\" class=\"wp-block-spacer\"><\/div>\n\n\n\n<h3 class=\"has-text-align-center wp-block-heading\">Cr\u00e8me de nuit<\/h3>\n\n\n\n<div style=\"height:50px\" aria-hidden=\"true\" class=\"wp-block-spacer\"><\/div>\n\n\n\n<div style=\"height:30px\" aria-hidden=\"true\" class=\"wp-block-spacer\"><\/div>\n\n\n\n<div class=\"wp-block-columns is-layout-flex wp-container-core-columns-is-layout-9d6595d7 wp-block-columns-is-layout-flex\">\n<div class=\"wp-block-column is-layout-flow wp-block-column-is-layout-flow\"><div class=\"wp-block-image\">\n<figure class=\"aligncenter size-large\"><img loading=\"lazy\" decoding=\"async\" width=\"125\" height=\"125\" src=\"https:\/\/lescomtessescheries.be\/wp-content\/uploads\/2021\/05\/infusion-de-nuit.jpg\" alt=\"\" class=\"wp-image-23\"\/><\/figure>\n<\/div>\n\n<div id=\"faq-643\" class=\"arconix-faq-wrap\"><div id=\"faq-INFUSIONDENUITLAROSE\" class=\"arconix-faq-title faq-closed\">INFUSION DE NUIT \u00c0 LA ROSE<\/div><div class=\"arconix-faq-content faq-closed\"><p style=\"text-align: center;\">Pot 30 ml<\/p>\n<p style=\"text-align: center;\">58\u20ac<\/p>\n<p style=\"text-align: center;\">Toutes peaux<br \/>\nR\u00e9g\u00e9n\u00e9rante et r\u00e9paratrice, cette cr\u00e8me fondante concentr\u00e9e en absolue de rose de mai et en huiles essentielles de cypr\u00e8s et de rose, en cire essentielle de mimosa, en extraits de bourgeon de h\u00eatre, de cassis et de p\u00eache, lib\u00e8re ses bienfaits sur le peau en lui redonnant \u00e9clat et fra\u00eecheur.<\/p>\n<h6 style=\"text-align: center;\">R\u00c9SULTAT BEAUT\u00c9<\/h6>\n<p style=\"text-align: center;\">Nuit apr\u00e8s nuit, la peau est hydrat\u00e9e, d\u00e9toxifi\u00e9e, plus douce et rayonnante de beaut\u00e9.<\/p>\n<h6 style=\"text-align: center;\">CONSEILS D&rsquo;UTILISATION<\/h6>\n<p style=\"text-align: center;\">Le soir, faire fondre une petite noisette de produit dans les mains et appliquer sur une peau nettoy\u00e9e en l\u00e9gers massages sur l\u2019ensemble du visage et du cou.<\/p>\n<\/div><\/div>\n<\/div>\n<\/div>\n\n\n\n<div style=\"height:30px\" aria-hidden=\"true\" class=\"wp-block-spacer\"><\/div>\n\n\n\n<div style=\"height:50px\" aria-hidden=\"true\" class=\"wp-block-spacer\"><\/div>\n\n\n\n<h3 class=\"has-text-align-center wp-block-heading\">Yeux, L\u00e8vres &amp; cou<\/h3>\n\n\n\n<div style=\"height:50px\" aria-hidden=\"true\" class=\"wp-block-spacer\"><\/div>\n\n\n\n<div class=\"wp-block-columns is-layout-flex wp-container-core-columns-is-layout-9d6595d7 wp-block-columns-is-layout-flex\">\n<div class=\"wp-block-column is-layout-flow wp-block-column-is-layout-flow\"><div class=\"wp-block-image\">\n<figure class=\"aligncenter size-large is-resized\"><img loading=\"lazy\" decoding=\"async\" src=\"https:\/\/lescomtessescheries.be\/wp-content\/uploads\/2021\/05\/im41.jpg\" alt=\"\" class=\"wp-image-744\" width=\"100\" height=\"200\"\/><\/figure>\n<\/div>\n\n<div id=\"faq-639\" class=\"arconix-faq-wrap\"><div id=\"faq-CRMECONTOURSYEUX038LVRES\" class=\"arconix-faq-title faq-closed\">CR\u00c8ME CONTOURS YEUX &#038; L\u00c8VRES<\/div><div class=\"arconix-faq-content faq-closed\"><p style=\"text-align: center;\">Tube canule 15 ml<\/p>\n<p style=\"text-align: center;\">25\u20ac<\/p>\n<p style=\"text-align: center;\">Toutes Peaux &#8211; Traitement Sp\u00e9cifique<br \/>\nCette cr\u00e8me triple action \u00e0 l\u2019Eau de Bleuet, aux extraits de Raisin et de Cormier, lisse la zone d\u00e9licate du contour des yeux et des l\u00e8vres, att\u00e9nue les poches et diminue les cernes.<\/p>\n<h6 style=\"text-align: center;\">R\u00c9SULTAT BEAUT\u00c9<\/h6>\n<p style=\"text-align: center;\">Les rides et ridules sont liss\u00e9es. Le regard est repos\u00e9. Le contour des l\u00e8vres est redessin\u00e9.<\/p>\n<h6 style=\"text-align: center;\">CONSEILS D&rsquo;UTILISATION<\/h6>\n<p style=\"text-align: center;\">Matin et soir, appliquer par l\u00e9gers effleurages sur le contour des yeux et des l\u00e8vres nettoy\u00e9s.<\/p>\n<\/div><\/div>\n<\/div>\n\n\n\n<div class=\"wp-block-column is-layout-flow wp-block-column-is-layout-flow\"><div class=\"wp-block-image\">\n<figure class=\"aligncenter size-large is-resized\"><img loading=\"lazy\" decoding=\"async\" src=\"https:\/\/lescomtessescheries.be\/wp-content\/uploads\/2021\/05\/im40.jpg\" alt=\"\" class=\"wp-image-745\" width=\"200\" height=\"200\" srcset=\"https:\/\/lescomtessescheries.be\/wp-content\/uploads\/2021\/05\/im40.jpg 244w, https:\/\/lescomtessescheries.be\/wp-content\/uploads\/2021\/05\/im40-150x150.jpg 150w\" sizes=\"auto, (max-width: 200px) 100vw, 200px\" \/><\/figure>\n<\/div>\n\n<div id=\"faq-637\" class=\"arconix-faq-wrap\"><div id=\"faq-CONTOURDESYEUXANTI-CERNESTEINT\" class=\"arconix-faq-title faq-closed\">CONTOUR DES YEUX ANTI-CERNES TEINT\u00c9<\/div><div class=\"arconix-faq-content faq-closed\"><p style=\"text-align: center;\">Tube 20 ml<\/p>\n<p style=\"text-align: center;\">32\u20ac<\/p>\n<p style=\"text-align: center;\">Traitement sp\u00e9cifique \u2013 Anti-Cernes<br \/>\nCette cr\u00e8me combine l\u2019efficacit\u00e9 d\u2019un soin contour des yeux \u00e0 celle de pigments illuminateurs. Elle permet d\u2019att\u00e9nuer l\u2019apparence des cernes en am\u00e9liorant la microcirculation.<br \/>\nTest\u00e9 sous contr\u00f4le dermatologique et ophtalmologique.<\/p>\n<h6 style=\"text-align: center;\">R\u00c9SULTAT BEAUT\u00c9<\/h6>\n<p style=\"text-align: center;\">L\u2019apparence des cernes est r\u00e9duite et les imperfections dissimul\u00e9es avec une couvrance ultra naturelle.<\/p>\n<h6 style=\"text-align: center;\">CONSEILS D&rsquo;UTILISATION<\/h6>\n<p style=\"text-align: center;\">Le matin, appliquer votre cr\u00e8me de jour habituelle.<br \/>\n1- Pour illuminer le regard : d\u00e9poser la cr\u00e8me en petites touches sur la paupi\u00e8re mobile, l\u2019arcade sourcili\u00e8re, le coin interne de l\u2019\u0153il.<br \/>\n2- Pour r\u00e9veiller le teint : d\u00e9poser la cr\u00e8me en petites touches sur les zones d\u2019ombre de votre visage (cernes, ailes du nez, sillons nasog\u00e9niens, commissures des l\u00e8vres, creux du menton, rides d\u2019expression). Estomper du bout des doigts. Poursuivre par votre routine maquillage habituelle (fond de teint, cr\u00e8me teint\u00e9e, poudre\u2026).<br \/>\n3- Pour camoufler les imperfections : d\u00e9poser la cr\u00e8me en petites touches sur les imperfections. Estomper du bout des doigts. Poursuivre par votre routine maquillage habituelle (fond de teint, cr\u00e8me teint\u00e9e, poudre\u2026).<\/p>\n<\/div><\/div>\n<\/div>\n<\/div>\n\n\n\n<div style=\"height:50px\" aria-hidden=\"true\" class=\"wp-block-spacer\"><\/div>\n\n\n\n<div class=\"wp-block-columns is-layout-flex wp-container-core-columns-is-layout-9d6595d7 wp-block-columns-is-layout-flex\">\n<div class=\"wp-block-column is-layout-flow wp-block-column-is-layout-flow\"><div class=\"wp-block-image\">\n<figure class=\"aligncenter size-large is-resized\"><img loading=\"lazy\" decoding=\"async\" src=\"https:\/\/lescomtessescheries.be\/wp-content\/uploads\/2021\/05\/im42.jpg\" alt=\"\" class=\"wp-image-746\" width=\"200\" height=\"200\"\/><\/figure>\n<\/div>\n\n<div id=\"faq-641\" class=\"arconix-faq-wrap\"><div id=\"faq-RPARATEURINTENSIFYEUX\" class=\"arconix-faq-title faq-closed\">R\u00c9PARATEUR INTENSIF YEUX<\/div><div class=\"arconix-faq-content faq-closed\"><p style=\"text-align: center;\">32\u20ac<\/p>\n<p style=\"text-align: center;\">Un soin complet, sp\u00e9cifiquement formul\u00e9 pour r\u00e9parer les signes visibles de l&rsquo;\u00e2ge, qui estompe les rides et les ridules, retend et lisse la zone d\u00e9licate du contour de l&rsquo;\u0153il. Contribue \u00e0 densifier les cils et favorise leur croissance.<br \/>\nId\u00e9al pour : Contour des yeux pr\u00e9sentant des ridules de d\u00e9shydratation, des rides d\u2019expression, un rel\u00e2chement des paupi\u00e8res. Cils parsem\u00e9s et courts.<\/p>\n<h6 style=\"text-align: center;\">R\u00c9SULTAT BEAUT\u00c9<\/h6>\n<p style=\"text-align: center;\">Le regard est repos\u00e9, comme rajeuni.<\/p>\n<p>\u2022 Contour de l\u2019\u0153il liss\u00e9 : 90%*<br \/>\n\u2022 Rides et ridules estomp\u00e9es : 71%*<br \/>\n\u2022 Contour de l\u2019\u0153il hydrat\u00e9 : 95%*<br \/>\n\u2022 Contour de l\u2019\u0153il raffermi : 81%*<\/p>\n<p>** % de femmes satisfaites apr\u00e8s 28 jours d\u2019utilisation biquotidienne. Test d\u2019usage sur 21 femmes \u00e2g\u00e9es de 33 \u00e0 64 ans (48% ayant les yeux sensibles).<\/p>\n<p style=\"text-align: center;\">\n<h6 style=\"text-align: center;\">CONSEILS D&rsquo;UTILISATION<\/h6>\n<p style=\"text-align: center;\">Matin et\/ou soir, appliquer sur le contour des yeux d\u00e9maquill\u00e9s par l\u00e9gers effleurages. Terminer yeux ferm\u00e9s en pla\u00e7ant votre index sous la frange des cils et remonter vers la paupi\u00e8re sup\u00e9rieure pour un effet \u00ab recourbe cils \u00bb.<\/p>\n<p>&nbsp;<\/p>\n<\/div><\/div>\n\n\n\n<p><\/p>\n<\/div>\n\n\n\n<div class=\"wp-block-column is-layout-flow wp-block-column-is-layout-flow\"><\/div>\n<\/div>\n\n\n\n<div style=\"height:30px\" aria-hidden=\"true\" class=\"wp-block-spacer\"><\/div>\n\n\n\n<h3 class=\"has-text-align-center wp-block-heading\">\u2022 Anti-\u00e2ge \u2022<\/h3>\n\n\n\n<div style=\"height:40px\" aria-hidden=\"true\" class=\"wp-block-spacer\"><\/div>\n\n\n\n<div style=\"height:50px\" aria-hidden=\"true\" class=\"wp-block-spacer\"><\/div>\n\n\n\n<div class=\"wp-block-columns is-layout-flex wp-container-core-columns-is-layout-9d6595d7 wp-block-columns-is-layout-flex\">\n<div class=\"wp-block-column is-layout-flow wp-block-column-is-layout-flow\"><div class=\"wp-block-image\">\n<figure class=\"aligncenter size-large is-resized\"><img loading=\"lazy\" decoding=\"async\" src=\"https:\/\/lescomtessescheries.be\/wp-content\/uploads\/2021\/05\/im44.jpg\" alt=\"\" class=\"wp-image-748\" width=\"150\" height=\"150\" srcset=\"https:\/\/lescomtessescheries.be\/wp-content\/uploads\/2021\/05\/im44.jpg 240w, https:\/\/lescomtessescheries.be\/wp-content\/uploads\/2021\/05\/im44-150x150.jpg 150w\" sizes=\"auto, (max-width: 150px) 100vw, 150px\" \/><\/figure>\n<\/div>\n\n<div id=\"faq-645\" class=\"arconix-faq-wrap\"><div id=\"faq-CRMECLIPSA\" class=\"arconix-faq-title faq-closed\">CR\u00c8ME \u00c9CLIPSA<\/div><div class=\"arconix-faq-content faq-closed\"><p style=\"text-align: center;\">Tube 50 ml<\/p>\n<p style=\"text-align: center;\">\u20ac<\/p>\n<p style=\"text-align: center;\">Anti-\u00c2ge Premium<br \/>\nCette cr\u00e8me enrichie en peptides de riz pr\u00e9vient et corrige les rides et les ridules. Confortable et onctueuse, elle hydrate, prot\u00e8ge et nourrit intens\u00e9ment la peau.<\/p>\n<h6 style=\"text-align: center;\">R\u00c9SULTAT BEAUT\u00c9<\/h6>\n<p style=\"text-align: center;\">La peau est lisse et radieuse malgr\u00e9 le stress de la vie active.<\/p>\n<h6 style=\"text-align: center;\">CONSEILS D&rsquo;UTILISATION<\/h6>\n<p style=\"text-align: center;\">Matin et\/ou soir, appliquer en l\u00e9gers massages sur une peau assainie.<\/p>\n<\/div><\/div>\n<\/div>\n\n\n\n<div class=\"wp-block-column is-layout-flow wp-block-column-is-layout-flow\"><div class=\"wp-block-image\">\n<figure class=\"aligncenter size-large is-resized\"><img loading=\"lazy\" decoding=\"async\" src=\"https:\/\/lescomtessescheries.be\/wp-content\/uploads\/2021\/05\/im45.jpg\" alt=\"\" class=\"wp-image-750\" width=\"78\" height=\"78\"\/><\/figure>\n<\/div>\n\n<div id=\"faq-647\" class=\"arconix-faq-wrap\"><div id=\"faq-HYDRASTIANE\" class=\"arconix-faq-title faq-closed\">HYDRASTIANE<\/div><div class=\"arconix-faq-content faq-closed\"><h6 style=\"text-align: center;\">Tube 50 ml<\/h6>\n<p style=\"text-align: center;\">\u20ac<\/p>\n<p style=\"text-align: center;\">Anti-\u00c2ge Premium &#8211; Premi\u00e8res Rides Premium<br \/>\nHydrate les couches sup\u00e9rieures de l&rsquo;\u00e9piderme et maintient le taux d&rsquo;hydratation.<\/p>\n<h6 style=\"text-align: center;\">R\u00c9SULTAT BEAUT\u00c9<\/h6>\n<p style=\"text-align: center;\">La peau est revitalis\u00e9e et souple.<\/p>\n<h6 style=\"text-align: center;\">CONSEILS D&rsquo;UTILISATION<\/h6>\n<p style=\"text-align: center;\">Matin et\/ou soir, appliquer en l\u00e9gers massages sur une peau assainie.<\/p>\n<\/div><\/div>\n<\/div>\n<\/div>\n\n\n\n<div style=\"height:50px\" aria-hidden=\"true\" class=\"wp-block-spacer\"><\/div>\n\n\n\n<div class=\"wp-block-columns is-layout-flex wp-container-core-columns-is-layout-9d6595d7 wp-block-columns-is-layout-flex\">\n<div class=\"wp-block-column is-layout-flow wp-block-column-is-layout-flow\"><div class=\"wp-block-image\">\n<figure class=\"aligncenter size-large is-resized\"><img loading=\"lazy\" decoding=\"async\" src=\"https:\/\/lescomtessescheries.be\/wp-content\/uploads\/2021\/05\/im46.jpg\" alt=\"\" class=\"wp-image-751\" width=\"200\" height=\"200\"\/><\/figure>\n<\/div><\/div>\n\n\n\n<div class=\"wp-block-column is-layout-flow wp-block-column-is-layout-flow\"><div class=\"wp-block-image\">\n<figure class=\"aligncenter size-large is-resized\"><img loading=\"lazy\" decoding=\"async\" src=\"https:\/\/lescomtessescheries.be\/wp-content\/uploads\/2021\/05\/im47-1.jpg\" alt=\"\" class=\"wp-image-753\" width=\"46\" height=\"175\" srcset=\"https:\/\/lescomtessescheries.be\/wp-content\/uploads\/2021\/05\/im47-1.jpg 95w, https:\/\/lescomtessescheries.be\/wp-content\/uploads\/2021\/05\/im47-1-79x300.jpg 79w\" sizes=\"auto, (max-width: 46px) 100vw, 46px\" \/><\/figure>\n<\/div><\/div>\n<\/div>\n\n\n\n<div class=\"wp-block-columns is-layout-flex wp-container-core-columns-is-layout-9d6595d7 wp-block-columns-is-layout-flex\">\n<div class=\"wp-block-column is-layout-flow wp-block-column-is-layout-flow\"><div id=\"faq-649\" class=\"arconix-faq-wrap\"><div id=\"faq-HUILEDESOINANTI-GE\" class=\"arconix-faq-title faq-closed\">HUILE DE SOIN ANTI-\u00c2GE<\/div><div class=\"arconix-faq-content faq-closed\"><p style=\"text-align: center;\">Flacon compte-gouttes 30 ml<\/p>\n<p style=\"text-align: center;\">45\u20ac<\/p>\n<p style=\"text-align: center;\">S\u00e9rum Anti-\u00c2ge<br \/>\nConcentr\u00e9e en huiles essentielles d\u2019Immortelle et d\u2019Absolue Iris, en extraits de Vigne Rouge et de Bl\u00e9, Elle agit comme un v\u00e9ritable booster d&rsquo;efficacit\u00e9 de votre cr\u00e8me de jour ou de nuit.<\/p>\n<h6 style=\"text-align: center;\">R\u00c9SULTAT BEAUT\u00c9<\/h6>\n<p style=\"text-align: center;\">R\u00e9g\u00e9n\u00e9r\u00e9e, la peau retrouve souplesse et fermet\u00e9. Elle est lisse, rides et ridules sont estomp\u00e9es et les traits redessin\u00e9s.<\/p>\n<h6 style=\"text-align: center;\"><strong>CONSEILS D&rsquo;UTILISATION<\/strong><\/h6>\n<p style=\"text-align: center;\">Matin et soir, avant votre soin habituel, appliquer quelques gouttes par effleurages l\u00e9gers sur le visage et le cou nettoy\u00e9s.<\/p>\n<\/div><\/div>\n\n\n\n<p><\/p>\n<\/div>\n\n\n\n<div class=\"wp-block-column is-layout-flow wp-block-column-is-layout-flow\"><div id=\"faq-651\" class=\"arconix-faq-wrap\"><div id=\"faq-SOINLIFTGALBE\" class=\"arconix-faq-title faq-closed\">SOIN LIFT GALBE<\/div><div class=\"arconix-faq-content faq-closed\"><p style=\"text-align: center;\">Flacon pompe 50 ml<\/p>\n<p style=\"text-align: center;\">48\u20ac<\/p>\n<p style=\"text-align: center;\">Anti-\u00c2ge Premium &#8211; Fermet\u00e9<br \/>\nRedessine jour apr\u00e8s jour l&rsquo;ovale du visage et du cou.<\/p>\n<h6 style=\"text-align: center;\">R\u00c9SULTAT BEAUT\u00c9<\/h6>\n<p style=\"text-align: center;\">Le visage para\u00eet plus jeune. Les rondeurs s&rsquo;estompent, la peau est comme lift\u00e9e, les rides et ridules liss\u00e9es. Les r\u00e9sultats sont visibles d\u00e8s la quatri\u00e8me semaine d&rsquo;application.<\/p>\n<h6 style=\"text-align: center;\">CONSEILS D&rsquo;UTILISATION<\/h6>\n<p style=\"text-align: center;\">Matin et\/ou soir, sur le visage et le cou, appliquer le gel en doux massages selon la gestuelle propos\u00e9e sur la notice.<\/p>\n<p style=\"text-align: center;\">\n<\/div><\/div>\n<\/div>\n<\/div>\n\n\n\n<div style=\"height:50px\" aria-hidden=\"true\" class=\"wp-block-spacer\"><\/div>\n\n\n\n<div class=\"wp-block-columns is-layout-flex wp-container-core-columns-is-layout-9d6595d7 wp-block-columns-is-layout-flex\">\n<div class=\"wp-block-column is-layout-flow wp-block-column-is-layout-flow\"><div class=\"wp-block-image\">\n<figure class=\"aligncenter size-large is-resized\"><img loading=\"lazy\" decoding=\"async\" src=\"https:\/\/lescomtessescheries.be\/wp-content\/uploads\/2021\/05\/im48.jpg\" alt=\"\" class=\"wp-image-754\" width=\"200\" height=\"200\"\/><\/figure>\n<\/div>\n\n<div id=\"faq-653\" class=\"arconix-faq-wrap\"><div id=\"faq-SOINTOTALRESTRUCTURANT\" class=\"arconix-faq-title faq-closed\">SOIN TOTAL RESTRUCTURANT<\/div><div class=\"arconix-faq-content faq-closed\"><p style=\"text-align: center;\">Pot 50 ml<\/p>\n<p style=\"text-align: center;\">72\u20ac<\/p>\n<p style=\"text-align: center;\">Anti-\u00c2ge Premium &#8211; Rides et Ridules<br \/>\nHyper concentr\u00e9 en actifs performants. Aide \u00e0 r\u00e9g\u00e9n\u00e9rer la peau intens\u00e9ment. Contribue \u00e0 pr\u00e9venir la formation des rides et des ridules.<\/p>\n<h6 style=\"text-align: center;\">R\u00c9SULTAT BEAUT\u00c9<\/h6>\n<p style=\"text-align: center;\">La peau est visiblement plus jeune.<\/p>\n<h6 style=\"text-align: center;\">CONSEILS D&rsquo;UTILISATION<\/h6>\n<p style=\"text-align: center;\">Matin et\/ou soir, appliquer en l\u00e9gers massages sur une peau assainie<\/p>\n<\/div><\/div>\n<\/div>\n\n\n\n<div class=\"wp-block-column is-layout-flow wp-block-column-is-layout-flow\"><\/div>\n<\/div>\n\n\n\n<div style=\"height:40px\" aria-hidden=\"true\" class=\"wp-block-spacer\"><\/div>\n\n\n\n<h3 class=\"has-text-align-center wp-block-heading\">\u2022 ch\u00e9ris \u2022<\/h3>\n\n\n\n<div style=\"height:40px\" aria-hidden=\"true\" class=\"wp-block-spacer\"><\/div>\n\n\n\n<div class=\"wp-block-columns is-layout-flex wp-container-core-columns-is-layout-9d6595d7 wp-block-columns-is-layout-flex\">\n<div class=\"wp-block-column is-layout-flow wp-block-column-is-layout-flow\"><div class=\"wp-block-image\">\n<figure class=\"aligncenter size-large is-resized\"><img loading=\"lazy\" decoding=\"async\" src=\"https:\/\/lescomtessescheries.be\/wp-content\/uploads\/2021\/05\/im49.jpg\" alt=\"\" class=\"wp-image-757\" width=\"200\" height=\"200\" srcset=\"https:\/\/lescomtessescheries.be\/wp-content\/uploads\/2021\/05\/im49.jpg 220w, https:\/\/lescomtessescheries.be\/wp-content\/uploads\/2021\/05\/im49-150x150.jpg 150w\" sizes=\"auto, (max-width: 200px) 100vw, 200px\" \/><\/figure>\n<\/div>\n\n<div id=\"faq-655\" class=\"arconix-faq-wrap\"><div id=\"faq-GELCONTOURDESYEUXACTIFLISSANTANTI-POCHES\" class=\"arconix-faq-title faq-closed\">GEL CONTOUR DES YEUX ACTIF LISSANT ANTI-POCHES<\/div><div class=\"arconix-faq-content faq-closed\"><p style=\"text-align: center;\">Tube canule 15 ml<\/p>\n<p style=\"text-align: center;\">\u20ac<\/p>\n<p style=\"text-align: center;\">Toutes Peaux<\/p>\n<p style=\"text-align: center;\">Aux actifs lissants, anti-poches et anti-cernes.<\/p>\n<h6 style=\"text-align: center;\">R\u00c9SULTAT BEAUT\u00c9<\/h6>\n<p style=\"text-align: center;\">Les poches et les cernes sont estomp\u00e9s.<\/p>\n<h6 style=\"text-align: center;\">CONSEILS D&rsquo;UTILISATION<\/h6>\n<p style=\"text-align: center;\">Matin et\/ou soir, sur une peau nettoy\u00e9e, d\u00e9poser des petites touches de gel au niveau du contour des yeux et faire p\u00e9n\u00e9trer par des tapotements, du coin interne de l&rsquo;\u0153il vers le coin externe.<\/p>\n<\/div><\/div>\n<\/div>\n\n\n\n<div class=\"wp-block-column is-layout-flow wp-block-column-is-layout-flow\"><div class=\"wp-block-image\">\n<figure class=\"aligncenter size-large is-resized\"><img loading=\"lazy\" decoding=\"async\" src=\"https:\/\/lescomtessescheries.be\/wp-content\/uploads\/2021\/05\/im50.jpg\" alt=\"\" class=\"wp-image-758\" width=\"200\" height=\"200\" srcset=\"https:\/\/lescomtessescheries.be\/wp-content\/uploads\/2021\/05\/im50.jpg 264w, https:\/\/lescomtessescheries.be\/wp-content\/uploads\/2021\/05\/im50-150x150.jpg 150w\" sizes=\"auto, (max-width: 200px) 100vw, 200px\" \/><\/figure>\n<\/div>\n\n<div id=\"faq-657\" class=\"arconix-faq-wrap\"><div id=\"faq-BAUMEACTIFHYDRATANTMATIFIANT\" class=\"arconix-faq-title faq-closed\">BAUME ACTIF HYDRATANT MATIFIANT<\/div><div class=\"arconix-faq-content faq-closed\"><p style=\"text-align: center;\">Airless 50 ml<\/p>\n<p style=\"text-align: center;\">36\u20ac<\/p>\n<p style=\"text-align: center;\">Toutes Peaux<br \/>\nAux actifs hydratants, anti-brillance, apaisants et anti-pollution.<\/p>\n<h6 style=\"text-align: center;\">R\u00c9SULTAT BEAUT\u00c9<\/h6>\n<p style=\"text-align: center;\">La peau est rafra\u00eechie, apais\u00e9e et mate.<\/p>\n<h6 style=\"text-align: center;\">CONSEILS D&rsquo;UTILISATION<\/h6>\n<p style=\"text-align: center;\">Matin et\/ou soir, apr\u00e8s le rasage, appliquer une noisette de baume sur le visage et le cou et masser l\u00e9g\u00e8rement.<\/p>\n<\/div><\/div>\n<\/div>\n<\/div>\n\n\n\n<div class=\"wp-block-columns is-layout-flex wp-container-core-columns-is-layout-9d6595d7 wp-block-columns-is-layout-flex\">\n<div class=\"wp-block-column is-layout-flow wp-block-column-is-layout-flow\"><div class=\"wp-block-image\">\n<figure class=\"aligncenter size-large is-resized\"><img loading=\"lazy\" decoding=\"async\" src=\"https:\/\/lescomtessescheries.be\/wp-content\/uploads\/2021\/05\/im51.jpg\" alt=\"\" class=\"wp-image-759\" width=\"200\" height=\"200\" srcset=\"https:\/\/lescomtessescheries.be\/wp-content\/uploads\/2021\/05\/im51.jpg 262w, https:\/\/lescomtessescheries.be\/wp-content\/uploads\/2021\/05\/im51-150x150.jpg 150w\" sizes=\"auto, (max-width: 200px) 100vw, 200px\" \/><\/figure>\n<\/div>\n\n<div id=\"faq-659\" class=\"arconix-faq-wrap\"><div id=\"faq-BAUMEACTIFANTI-RIDESSTIMULANT\" class=\"arconix-faq-title faq-closed\">BAUME ACTIF ANTI-RIDES STIMULANT<\/div><div class=\"arconix-faq-content faq-closed\"><p style=\"text-align: center;\">Airless 50 ml<\/p>\n<p style=\"text-align: center;\">40\u20ac<\/p>\n<p style=\"text-align: center;\">Anti-\u00c2ge<br \/>\nAux actifs anti-rides, stimulants, r\u00e9g\u00e9n\u00e9rants et apaisants.<\/p>\n<h6 style=\"text-align: center;\">R\u00c9SULTAT BEAUT\u00c9<\/h6>\n<p style=\"text-align: center;\">R\u00e9duit visiblement les rides. La peau est lisse et raffermie.<\/p>\n<h6 style=\"text-align: center;\">CONSEILS D&rsquo;UTILISATION<\/h6>\n<p style=\"text-align: center;\">Matin et\/ou soir, apr\u00e8s le rasage, appliquer une noisette de baume sur le visage et le cou et masser l\u00e9g\u00e8rement.<\/p>\n<\/div><\/div>\n<\/div>\n\n\n\n<div class=\"wp-block-column is-layout-flow wp-block-column-is-layout-flow\"><div class=\"wp-block-image\">\n<figure class=\"aligncenter size-large is-resized\"><img loading=\"lazy\" decoding=\"async\" src=\"https:\/\/lescomtessescheries.be\/wp-content\/uploads\/2021\/05\/im52.jpg\" alt=\"\" class=\"wp-image-760\" width=\"200\" height=\"200\" srcset=\"https:\/\/lescomtessescheries.be\/wp-content\/uploads\/2021\/05\/im52.jpg 192w, https:\/\/lescomtessescheries.be\/wp-content\/uploads\/2021\/05\/im52-150x150.jpg 150w\" sizes=\"auto, (max-width: 200px) 100vw, 200px\" \/><\/figure>\n<\/div>\n\n<div id=\"faq-661\" class=\"arconix-faq-wrap\"><div id=\"faq-GELDOUCHE2EN1CORPSETCHEVEUX\" class=\"arconix-faq-title faq-closed\">GEL DOUCHE 2 EN 1 CORPS ET CHEVEUX<\/div><div class=\"arconix-faq-content faq-closed\"><p style=\"text-align: center;\">Tube 250 ml<\/p>\n<p style=\"text-align: center;\">\u20ac<\/p>\n<p style=\"text-align: center;\">Nettoie la peau et les cheveux en douceur. Apporte une agr\u00e9able sensation de fra\u00eecheur pour un \u00ab r\u00e9veille-matin \u00bb tonique.<\/p>\n<h6 style=\"text-align: center;\">R\u00c9SULTAT BEAUT\u00c9<\/h6>\n<p style=\"text-align: center;\">La peau est adoucie et revitalis\u00e9e.<\/p>\n<h6 style=\"text-align: center;\">CONSEILS D&rsquo;UTILISATION<\/h6>\n<p style=\"text-align: center;\">Appliquer sur tout le corps et les cheveux, faire mousser puis rincer<\/p>\n<\/div><\/div>\n<\/div>\n<\/div>\n\n\n\n<div class=\"wp-block-columns is-layout-flex wp-container-core-columns-is-layout-9d6595d7 wp-block-columns-is-layout-flex\">\n<div class=\"wp-block-column is-layout-flow wp-block-column-is-layout-flow\"><div class=\"wp-block-image\">\n<figure class=\"aligncenter size-large is-resized\"><img loading=\"lazy\" decoding=\"async\" src=\"https:\/\/lescomtessescheries.be\/wp-content\/uploads\/2021\/05\/im53.jpg\" alt=\"\" class=\"wp-image-761\" width=\"200\" height=\"200\" srcset=\"https:\/\/lescomtessescheries.be\/wp-content\/uploads\/2021\/05\/im53.jpg 240w, https:\/\/lescomtessescheries.be\/wp-content\/uploads\/2021\/05\/im53-150x150.jpg 150w\" sizes=\"auto, (max-width: 200px) 100vw, 200px\" \/><\/figure>\n<\/div>\n\n<div id=\"faq-663\" class=\"arconix-faq-wrap\"><div id=\"faq-RASAGEFACILEMMESURUNEBARBEDE3JOURS\" class=\"arconix-faq-title faq-closed\">RASAGE FACILE M\u00caME SUR UNE BARBE DE 3 JOURS<\/div><div class=\"arconix-faq-content faq-closed\"><p style=\"text-align: center;\">Airless 150 ml<\/p>\n<p style=\"text-align: center;\">\u20ac<\/p>\n<p style=\"text-align: center;\">Toutes Peaux<br \/>\nFacilite la glisse du rasoir pour un rasage fin et pr\u00e9cis. Permet de contourner les imperfections. Limite les tiraillements douloureux du poil, m\u00eame sur une barbe de 3 jours. Peut \u00eatre \u00e9galement utilis\u00e9 comme nettoyant int\u00e9gral du visage.<\/p>\n<h6 style=\"text-align: center;\">R\u00c9SULTAT BEAUT\u00c9<\/h6>\n<p style=\"text-align: center;\">La peau nettoy\u00e9e et\/ou ras\u00e9e de pr\u00e8s ne tire pas, elle est douce et apais\u00e9e.<\/p>\n<h6 style=\"text-align: center;\">CONSEILS D&rsquo;UTILISATION<\/h6>\n<p style=\"text-align: center;\">Humidifier pr\u00e9alablement le visage \u00e0 l&rsquo;eau ti\u00e8de pour pr\u00e9parer la peau et le poil. Appliquer le gel, masser. Raser ou nettoyer. Rincer \u00e0 l&rsquo;eau ti\u00e8de.<\/p>\n<\/div><\/div>\n<\/div>\n\n\n\n<div class=\"wp-block-column is-layout-flow wp-block-column-is-layout-flow\"><\/div>\n<\/div>\n\n\n\n<div style=\"height:40px\" aria-hidden=\"true\" class=\"wp-block-spacer\"><\/div>\n\n\n\n<h2 class=\"has-text-align-center wp-block-heading\">\u2022 Autobronzant \u2022<\/h2>\n\n\n\n<h3 class=\"has-text-align-center wp-block-heading\">\u2022 Solaires \u2022<\/h3>\n\n\n\n<div style=\"height:40px\" aria-hidden=\"true\" class=\"wp-block-spacer\"><\/div>\n\n\n\n<h3 class=\"has-text-align-center wp-block-heading\">\u2022 Accessoires \u2022<\/h3>\n\n\n\n<p><\/p>\n","protected":false},"excerpt":{"rendered":"<p>Les produits pr\u00e9sents sur cette page peuvent \u00eatre achet\u00e9s dans votre institut lors de votre rendez-vous ou en passant commande<\/p>\n<p><a href=\"https:\/\/lescomtessescheries.be\/?faq=rasage-facile-meme-sur-une-barbe-de-3-jours\" class=\"more-link\">Continue reading<span class=\"screen-reader-text\">RASAGE FACILE M\u00caME SUR UNE BARBE DE 3 JOURS<\/span><\/a><\/p>\n","protected":false},"author":4,"featured_media":0,"parent":0,"menu_order":0,"comment_status":"closed","ping_status":"closed","template":"templates\/full-width-page.php","meta":{"_monsterinsights_skip_tracking":false,"_monsterinsights_sitenote_active":false,"_monsterinsights_sitenote_note":"","_monsterinsights_sitenote_category":0,"footnotes":""},"class_list":["post-19","page","type-page","status-publish","hentry"],"yoast_head":"<!-- This site is optimized with the Yoast SEO plugin v21.2 - https:\/\/yoast.com\/wordpress\/plugins\/seo\/ -->\n<title>LES PRODUITS - LES COMTESSES CHERIES<\/title>\n<meta name=\"robots\" content=\"index, follow, max-snippet:-1, max-image-preview:large, max-video-preview:-1\" \/>\n<link rel=\"canonical\" href=\"https:\/\/lescomtessescheries.be\/?page_id=19\" \/>\n<meta property=\"og:locale\" content=\"fr_FR\" \/>\n<meta property=\"og:type\" content=\"article\" \/>\n<meta property=\"og:title\" content=\"LES PRODUITS - LES COMTESSES CHERIES\" \/>\n<meta property=\"og:description\" content=\"Les produits pr\u00e9sents sur cette page peuvent \u00eatre achet\u00e9s dans votre institut lors de votre rendez-vous ou en passant commandeContinue readingRASAGE FACILE M\u00caME SUR UNE BARBE DE 3 JOURS\" \/>\n<meta property=\"og:url\" content=\"https:\/\/lescomtessescheries.be\/?page_id=19\" \/>\n<meta property=\"og:site_name\" content=\"LES COMTESSES CHERIES\" \/>\n<meta property=\"article:modified_time\" content=\"2023-01-09T08:58:33+00:00\" \/>\n<meta property=\"og:image\" content=\"https:\/\/lescomtessescheries.be\/wp-content\/uploads\/2021\/05\/produit-1.jpg\" \/>\n<meta name=\"twitter:card\" content=\"summary_large_image\" \/>\n<meta name=\"twitter:label1\" content=\"Dur\u00e9e de lecture est.\" \/>\n\t<meta name=\"twitter:data1\" content=\"12 minutes\" \/>\n<script type=\"application\/ld+json\" class=\"yoast-schema-graph\">{\"@context\":\"https:\/\/schema.org\",\"@graph\":[{\"@type\":\"WebPage\",\"@id\":\"https:\/\/lescomtessescheries.be\/?page_id=19\",\"url\":\"https:\/\/lescomtessescheries.be\/?page_id=19\",\"name\":\"LES PRODUITS - LES COMTESSES CHERIES\",\"isPartOf\":{\"@id\":\"https:\/\/lescomtessescheries.be\/#website\"},\"datePublished\":\"2021-05-03T12:31:31+00:00\",\"dateModified\":\"2023-01-09T08:58:33+00:00\",\"breadcrumb\":{\"@id\":\"https:\/\/lescomtessescheries.be\/?page_id=19#breadcrumb\"},\"inLanguage\":\"fr-BE\",\"potentialAction\":[{\"@type\":\"ReadAction\",\"target\":[\"https:\/\/lescomtessescheries.be\/?page_id=19\"]}]},{\"@type\":\"BreadcrumbList\",\"@id\":\"https:\/\/lescomtessescheries.be\/?page_id=19#breadcrumb\",\"itemListElement\":[{\"@type\":\"ListItem\",\"position\":1,\"name\":\"Accueil\",\"item\":\"https:\/\/lescomtessescheries.be\/\"},{\"@type\":\"ListItem\",\"position\":2,\"name\":\"LES PRODUITS\"}]},{\"@type\":\"WebSite\",\"@id\":\"https:\/\/lescomtessescheries.be\/#website\",\"url\":\"https:\/\/lescomtessescheries.be\/\",\"name\":\"LES COMTESSES CHERIES\",\"description\":\"Maison de beaut\u00e9 \u00e0 Ayeneux\",\"publisher\":{\"@id\":\"https:\/\/lescomtessescheries.be\/#organization\"},\"potentialAction\":[{\"@type\":\"SearchAction\",\"target\":{\"@type\":\"EntryPoint\",\"urlTemplate\":\"https:\/\/lescomtessescheries.be\/?s={search_term_string}\"},\"query-input\":\"required name=search_term_string\"}],\"inLanguage\":\"fr-BE\"},{\"@type\":\"Organization\",\"@id\":\"https:\/\/lescomtessescheries.be\/#organization\",\"name\":\"LES COMTESSES CHERIES\",\"url\":\"https:\/\/lescomtessescheries.be\/\",\"logo\":{\"@type\":\"ImageObject\",\"inLanguage\":\"fr-BE\",\"@id\":\"https:\/\/lescomtessescheries.be\/#\/schema\/logo\/image\/\",\"url\":\"https:\/\/lescomtessescheries.be\/wp-content\/uploads\/2021\/09\/cropped-cropped-cropped-logo-web-1-e1673255627958.jpg\",\"contentUrl\":\"https:\/\/lescomtessescheries.be\/wp-content\/uploads\/2021\/09\/cropped-cropped-cropped-logo-web-1-e1673255627958.jpg\",\"width\":1536,\"height\":329,\"caption\":\"LES COMTESSES CHERIES\"},\"image\":{\"@id\":\"https:\/\/lescomtessescheries.be\/#\/schema\/logo\/image\/\"}}]}<\/script>\n<!-- \/ Yoast SEO plugin. -->","yoast_head_json":{"title":"LES PRODUITS - LES COMTESSES CHERIES","robots":{"index":"index","follow":"follow","max-snippet":"max-snippet:-1","max-image-preview":"max-image-preview:large","max-video-preview":"max-video-preview:-1"},"canonical":"https:\/\/lescomtessescheries.be\/?page_id=19","og_locale":"fr_FR","og_type":"article","og_title":"LES PRODUITS - LES COMTESSES CHERIES","og_description":"Les produits pr\u00e9sents sur cette page peuvent \u00eatre achet\u00e9s dans votre institut lors de votre rendez-vous ou en passant commandeContinue readingRASAGE FACILE M\u00caME SUR UNE BARBE DE 3 JOURS","og_url":"https:\/\/lescomtessescheries.be\/?page_id=19","og_site_name":"LES COMTESSES CHERIES","article_modified_time":"2023-01-09T08:58:33+00:00","og_image":[{"url":"https:\/\/lescomtessescheries.be\/wp-content\/uploads\/2021\/05\/produit-1.jpg"}],"twitter_card":"summary_large_image","twitter_misc":{"Dur\u00e9e de lecture est.":"12 minutes"},"schema":{"@context":"https:\/\/schema.org","@graph":[{"@type":"WebPage","@id":"https:\/\/lescomtessescheries.be\/?page_id=19","url":"https:\/\/lescomtessescheries.be\/?page_id=19","name":"LES PRODUITS - LES COMTESSES CHERIES","isPartOf":{"@id":"https:\/\/lescomtessescheries.be\/#website"},"datePublished":"2021-05-03T12:31:31+00:00","dateModified":"2023-01-09T08:58:33+00:00","breadcrumb":{"@id":"https:\/\/lescomtessescheries.be\/?page_id=19#breadcrumb"},"inLanguage":"fr-BE","potentialAction":[{"@type":"ReadAction","target":["https:\/\/lescomtessescheries.be\/?page_id=19"]}]},{"@type":"BreadcrumbList","@id":"https:\/\/lescomtessescheries.be\/?page_id=19#breadcrumb","itemListElement":[{"@type":"ListItem","position":1,"name":"Accueil","item":"https:\/\/lescomtessescheries.be\/"},{"@type":"ListItem","position":2,"name":"LES PRODUITS"}]},{"@type":"WebSite","@id":"https:\/\/lescomtessescheries.be\/#website","url":"https:\/\/lescomtessescheries.be\/","name":"LES COMTESSES CHERIES","description":"Maison de beaut\u00e9 \u00e0 Ayeneux","publisher":{"@id":"https:\/\/lescomtessescheries.be\/#organization"},"potentialAction":[{"@type":"SearchAction","target":{"@type":"EntryPoint","urlTemplate":"https:\/\/lescomtessescheries.be\/?s={search_term_string}"},"query-input":"required name=search_term_string"}],"inLanguage":"fr-BE"},{"@type":"Organization","@id":"https:\/\/lescomtessescheries.be\/#organization","name":"LES COMTESSES CHERIES","url":"https:\/\/lescomtessescheries.be\/","logo":{"@type":"ImageObject","inLanguage":"fr-BE","@id":"https:\/\/lescomtessescheries.be\/#\/schema\/logo\/image\/","url":"https:\/\/lescomtessescheries.be\/wp-content\/uploads\/2021\/09\/cropped-cropped-cropped-logo-web-1-e1673255627958.jpg","contentUrl":"https:\/\/lescomtessescheries.be\/wp-content\/uploads\/2021\/09\/cropped-cropped-cropped-logo-web-1-e1673255627958.jpg","width":1536,"height":329,"caption":"LES COMTESSES CHERIES"},"image":{"@id":"https:\/\/lescomtessescheries.be\/#\/schema\/logo\/image\/"}}]}},"_links":{"self":[{"href":"https:\/\/lescomtessescheries.be\/index.php?rest_route=\/wp\/v2\/pages\/19","targetHints":{"allow":["GET"]}}],"collection":[{"href":"https:\/\/lescomtessescheries.be\/index.php?rest_route=\/wp\/v2\/pages"}],"about":[{"href":"https:\/\/lescomtessescheries.be\/index.php?rest_route=\/wp\/v2\/types\/page"}],"author":[{"embeddable":true,"href":"https:\/\/lescomtessescheries.be\/index.php?rest_route=\/wp\/v2\/users\/4"}],"replies":[{"embeddable":true,"href":"https:\/\/lescomtessescheries.be\/index.php?rest_route=%2Fwp%2Fv2%2Fcomments&post=19"}],"version-history":[{"count":87,"href":"https:\/\/lescomtessescheries.be\/index.php?rest_route=\/wp\/v2\/pages\/19\/revisions"}],"predecessor-version":[{"id":1231,"href":"https:\/\/lescomtessescheries.be\/index.php?rest_route=\/wp\/v2\/pages\/19\/revisions\/1231"}],"wp:attachment":[{"href":"https:\/\/lescomtessescheries.be\/index.php?rest_route=%2Fwp%2Fv2%2Fmedia&parent=19"}],"curies":[{"name":"wp","href":"https:\/\/api.w.org\/{rel}","templated":true}]}}